{"id":24339,"date":"2024-09-20T11:01:09","date_gmt":"2024-09-20T09:01:09","guid":{"rendered":"https:\/\/gustafs.com\/projects\/eskilstuna-tingsratt\/"},"modified":"2025-06-25T11:13:17","modified_gmt":"2025-06-25T09:13:17","slug":"eskilstuna-tingsratt","status":"publish","type":"projects","link":"https:\/\/gustafs.com\/sv\/projects\/eskilstuna-tingsratt\/","title":{"rendered":"Eskilstuna Tingsr\u00e4tt"},"content":{"rendered":"\r\n<section class=\"hero small\">\r\n<div class=\"swiper swiper-hero swiper-hero-autoplay\" >\r\n\t\r\n        <div class=\"swiper-wrapper\">\r\n                                    <div class=\"swiper-slide has-image\">\r\n\r\n                                <div class=\"image\" style=\"background-image:url(https:\/\/gustafs.com\/wp-content\/uploads\/2024\/09\/eskilstuna-district-court-hero.jpg)\"><\/div>\r\n                <div class=\"image responsive\" style=\"background-image:url(https:\/\/gustafs.com\/wp-content\/uploads\/2024\/09\/eskilstuna-district-court-hero-720x500.jpg)\"><\/div>\r\n                \r\n                \r\n                                <div class=\"container\">\r\n                    <div class=\"content\">\r\n                        <h1>Nano-paneler i alm i tingsr\u00e4tt<\/h1>\n                    <\/div>\r\n                <\/div>\r\n                \r\n            <\/div>\r\n                    <\/div>\r\n        <div class=\"container\"><div class=\"swiper-pagination\"><\/div><\/div>\r\n    <\/div>\r\n<\/section>\r\n\n\n\n<section class=\"image-plus-text\">\n    <div class=\"container\">\n        <div class=\"row\">\n            \n            <div class=\"col-md-6 col-left col-image\">\n                                                        <div class=\"image \">\n                        <img decoding=\"async\"\n                            src=\"https:\/\/gustafs.com\/wp-content\/uploads\/2024\/09\/elm-ribs-and-panels-645x810.jpg\"\n                            alt=\"\"\n                            srcset=\"https:\/\/gustafs.com\/wp-content\/uploads\/2024\/09\/elm-ribs-and-panels-300x240.jpg 300w, https:\/\/gustafs.com\/wp-content\/uploads\/2024\/09\/elm-ribs-and-panels-1024x818.jpg 1024w, https:\/\/gustafs.com\/wp-content\/uploads\/2024\/09\/elm-ribs-and-panels-768x613.jpg 768w, https:\/\/gustafs.com\/wp-content\/uploads\/2024\/09\/elm-ribs-and-panels-380x305.jpg 380w, https:\/\/gustafs.com\/wp-content\/uploads\/2024\/09\/elm-ribs-and-panels-845x675.jpg 845w, https:\/\/gustafs.com\/wp-content\/uploads\/2024\/09\/elm-ribs-and-panels-635x507.jpg 635w, https:\/\/gustafs.com\/wp-content\/uploads\/2024\/09\/elm-ribs-and-panels-1270x1014.jpg 1270w, https:\/\/gustafs.com\/wp-content\/uploads\/2024\/09\/elm-ribs-and-panels-575x459.jpg 575w, https:\/\/gustafs.com\/wp-content\/uploads\/2024\/09\/elm-ribs-and-panels-1150x918.jpg 1150w, https:\/\/gustafs.com\/wp-content\/uploads\/2024\/09\/elm-ribs-and-panels-485x387.jpg 485w, https:\/\/gustafs.com\/wp-content\/uploads\/2024\/09\/elm-ribs-and-panels-970x774.jpg 970w, https:\/\/gustafs.com\/wp-content\/uploads\/2024\/09\/elm-ribs-and-panels-435x347.jpg 435w, https:\/\/gustafs.com\/wp-content\/uploads\/2024\/09\/elm-ribs-and-panels-870x695.jpg 870w, https:\/\/gustafs.com\/wp-content\/uploads\/2024\/09\/elm-ribs-and-panels-415x331.jpg 415w, https:\/\/gustafs.com\/wp-content\/uploads\/2024\/09\/elm-ribs-and-panels-830x663.jpg 830w, https:\/\/gustafs.com\/wp-content\/uploads\/2024\/09\/elm-ribs-and-panels-395x315.jpg 395w, https:\/\/gustafs.com\/wp-content\/uploads\/2024\/09\/elm-ribs-and-panels-790x631.jpg 790w, https:\/\/gustafs.com\/wp-content\/uploads\/2024\/09\/elm-ribs-and-panels-363x290.jpg 363w, https:\/\/gustafs.com\/wp-content\/uploads\/2024\/09\/elm-ribs-and-panels-726x580.jpg 726w, https:\/\/gustafs.com\/wp-content\/uploads\/2024\/09\/elm-ribs-and-panels-275x220.jpg 275w, https:\/\/gustafs.com\/wp-content\/uploads\/2024\/09\/elm-ribs-and-panels-550x439.jpg 550w, https:\/\/gustafs.com\/wp-content\/uploads\/2024\/09\/elm-ribs-and-panels-273x218.jpg 273w, https:\/\/gustafs.com\/wp-content\/uploads\/2024\/09\/elm-ribs-and-panels-546x436.jpg 546w, https:\/\/gustafs.com\/wp-content\/uploads\/2024\/09\/elm-ribs-and-panels-183x146.jpg 183w, https:\/\/gustafs.com\/wp-content\/uploads\/2024\/09\/elm-ribs-and-panels-366x292.jpg 366w, https:\/\/gustafs.com\/wp-content\/uploads\/2024\/09\/elm-ribs-and-panels-113x90.jpg 113w, https:\/\/gustafs.com\/wp-content\/uploads\/2024\/09\/elm-ribs-and-panels-226x180.jpg 226w, https:\/\/gustafs.com\/wp-content\/uploads\/2024\/09\/elm-ribs-and-panels.jpg 1290w\"\n                            sizes=\"\n                                                        (min-width: 1440px) 635px,\n                            (min-width: 1400px) 575px,\n                            (min-width: 1200px) 485px,\n                            (min-width: 992px) 395px,\n                            (min-width: 768px) 275px,\n                            100vw\n                                                        \"\n                        >\n                    <\/div>\n                                                                                            <div class=\"content-wrapper\">\n                                    <\/div>              \n            <\/div>\n            \n            <div class=\"col-md-6 col-right col-text\">\n                                <div class=\"content-wrapper\">\n                                                                    <div class=\"title\">MODERNISERAD MYNTFABRIK<\/div>\n                                                <div class=\"content\">\n                                                        <div class=\"text font-16px\"><h3>Moderna paneler i historisk milj\u00f6<\/h3>\n<p>Den nya tingsr\u00e4tten i centrala Eskilstuna invigdes i januari 2023, i Myntverkets tidigare lokaler d\u00e4r det bl.a. producerades mynt till Sveriges Riksbank samt medaljerna till Nobelpriset.<\/p>\n<\/div>\n                                                                                <\/div>\n                                    <\/div>              \n            <\/div>\n            \n        <\/div>\n    <\/div>\n<\/section>\n\n\n\n<section class=\"image-plus-text\">\n    <div class=\"container\">\n        <div class=\"row\">\n            \n            <div class=\"col-md-6 col-left col-text\">\n                                <div class=\"content-wrapper\">\n                                                                    <div class=\"title\">NANO-PERFORERING<\/div>\n                                                <div class=\"content\">\n                                                        <div class=\"text font-16px\"><h3>Tr\u00e4paneler skapar v\u00e4rme och tydlighet<\/h3>\n<p>P\u00e5 andra v\u00e5ningen \u00e4r korridoren utanf\u00f6r de fem f\u00f6rhandlingssalarna kl\u00e4dda i Gustafs produkter. N\u00e4rmare best\u00e4mt nanoperforerade paneler i alm samt massiva ribbor i alm som ramar in panelerna. Samma fan\u00e9r \u00e5terkommer \u00e4ven i specialtillverkade boxar som t\u00e4cker informationssk\u00e4rmarna p\u00e5 bottenplan, vilket skapar en sammanh\u00e5llen och elegant helhetsk\u00e4nsla.<\/p>\n<\/div>\n                                                                                <\/div>\n                                    <\/div>              \n            <\/div>\n            \n            <div class=\"col-md-6 col-right col-image\">\n                                                        <div class=\"image \">\n                        <img decoding=\"async\"\n                            src=\"https:\/\/gustafs.com\/wp-content\/uploads\/2024\/09\/info-screen-clad-in-elm-veneer-645x810.jpg\"\n                            alt=\"\"\n                            srcset=\"https:\/\/gustafs.com\/wp-content\/uploads\/2024\/09\/info-screen-clad-in-elm-veneer-240x300.jpg 240w, https:\/\/gustafs.com\/wp-content\/uploads\/2024\/09\/info-screen-clad-in-elm-veneer-818x1024.jpg 818w, https:\/\/gustafs.com\/wp-content\/uploads\/2024\/09\/info-screen-clad-in-elm-veneer-768x962.jpg 768w, https:\/\/gustafs.com\/wp-content\/uploads\/2024\/09\/info-screen-clad-in-elm-veneer-720x900.jpg 720w, https:\/\/gustafs.com\/wp-content\/uploads\/2024\/09\/info-screen-clad-in-elm-veneer-645x810.jpg 645w, https:\/\/gustafs.com\/wp-content\/uploads\/2024\/09\/info-screen-clad-in-elm-veneer-380x475.jpg 380w, https:\/\/gustafs.com\/wp-content\/uploads\/2024\/09\/info-screen-clad-in-elm-veneer-845x1058.jpg 845w, https:\/\/gustafs.com\/wp-content\/uploads\/2024\/09\/info-screen-clad-in-elm-veneer-635x795.jpg 635w, https:\/\/gustafs.com\/wp-content\/uploads\/2024\/09\/info-screen-clad-in-elm-veneer-575x720.jpg 575w, https:\/\/gustafs.com\/wp-content\/uploads\/2024\/09\/info-screen-clad-in-elm-veneer-485x607.jpg 485w, https:\/\/gustafs.com\/wp-content\/uploads\/2024\/09\/info-screen-clad-in-elm-veneer-970x1215.jpg 970w, https:\/\/gustafs.com\/wp-content\/uploads\/2024\/09\/info-screen-clad-in-elm-veneer-435x545.jpg 435w, https:\/\/gustafs.com\/wp-content\/uploads\/2024\/09\/info-screen-clad-in-elm-veneer-870x1090.jpg 870w, https:\/\/gustafs.com\/wp-content\/uploads\/2024\/09\/info-screen-clad-in-elm-veneer-415x520.jpg 415w, https:\/\/gustafs.com\/wp-content\/uploads\/2024\/09\/info-screen-clad-in-elm-veneer-830x1040.jpg 830w, https:\/\/gustafs.com\/wp-content\/uploads\/2024\/09\/info-screen-clad-in-elm-veneer-395x495.jpg 395w, https:\/\/gustafs.com\/wp-content\/uploads\/2024\/09\/info-screen-clad-in-elm-veneer-790x989.jpg 790w, https:\/\/gustafs.com\/wp-content\/uploads\/2024\/09\/info-screen-clad-in-elm-veneer-363x455.jpg 363w, https:\/\/gustafs.com\/wp-content\/uploads\/2024\/09\/info-screen-clad-in-elm-veneer-726x909.jpg 726w, https:\/\/gustafs.com\/wp-content\/uploads\/2024\/09\/info-screen-clad-in-elm-veneer-275x344.jpg 275w, https:\/\/gustafs.com\/wp-content\/uploads\/2024\/09\/info-screen-clad-in-elm-veneer-550x689.jpg 550w, https:\/\/gustafs.com\/wp-content\/uploads\/2024\/09\/info-screen-clad-in-elm-veneer-273x342.jpg 273w, https:\/\/gustafs.com\/wp-content\/uploads\/2024\/09\/info-screen-clad-in-elm-veneer-546x684.jpg 546w, https:\/\/gustafs.com\/wp-content\/uploads\/2024\/09\/info-screen-clad-in-elm-veneer-183x229.jpg 183w, https:\/\/gustafs.com\/wp-content\/uploads\/2024\/09\/info-screen-clad-in-elm-veneer-366x458.jpg 366w, https:\/\/gustafs.com\/wp-content\/uploads\/2024\/09\/info-screen-clad-in-elm-veneer-113x142.jpg 113w, https:\/\/gustafs.com\/wp-content\/uploads\/2024\/09\/info-screen-clad-in-elm-veneer-226x283.jpg 226w, https:\/\/gustafs.com\/wp-content\/uploads\/2024\/09\/info-screen-clad-in-elm-veneer.jpg 1030w\"\n                            sizes=\"\n                                                        (min-width: 1440px) 635px,\n                            (min-width: 1400px) 575px,\n                            (min-width: 1200px) 485px,\n                            (min-width: 992px) 395px,\n                            (min-width: 768px) 275px,\n                            100vw\n                                                        \"\n                        >\n                    <\/div>\n                                                                                            <div class=\"content-wrapper\">\n                                    <\/div>              \n            <\/div>\n            \n        <\/div>\n    <\/div>\n<\/section>\n\n\n\n<section class=\"image-plus-text\">\n    <div class=\"container\">\n        <div class=\"row\">\n            \n            <div class=\"col-md-6 col-left col-image\">\n                                                        <div class=\"image \">\n                        <img decoding=\"async\"\n                            src=\"https:\/\/gustafs.com\/wp-content\/uploads\/2024\/09\/nano-panel-in-elm-veneer-detail-645x810.jpg\"\n                            alt=\"\"\n                            srcset=\"https:\/\/gustafs.com\/wp-content\/uploads\/2024\/09\/nano-panel-in-elm-veneer-detail-240x300.jpg 240w, https:\/\/gustafs.com\/wp-content\/uploads\/2024\/09\/nano-panel-in-elm-veneer-detail-818x1024.jpg 818w, https:\/\/gustafs.com\/wp-content\/uploads\/2024\/09\/nano-panel-in-elm-veneer-detail-768x962.jpg 768w, https:\/\/gustafs.com\/wp-content\/uploads\/2024\/09\/nano-panel-in-elm-veneer-detail-720x900.jpg 720w, https:\/\/gustafs.com\/wp-content\/uploads\/2024\/09\/nano-panel-in-elm-veneer-detail-645x810.jpg 645w, https:\/\/gustafs.com\/wp-content\/uploads\/2024\/09\/nano-panel-in-elm-veneer-detail-380x475.jpg 380w, https:\/\/gustafs.com\/wp-content\/uploads\/2024\/09\/nano-panel-in-elm-veneer-detail-845x1058.jpg 845w, https:\/\/gustafs.com\/wp-content\/uploads\/2024\/09\/nano-panel-in-elm-veneer-detail-635x795.jpg 635w, https:\/\/gustafs.com\/wp-content\/uploads\/2024\/09\/nano-panel-in-elm-veneer-detail-575x720.jpg 575w, https:\/\/gustafs.com\/wp-content\/uploads\/2024\/09\/nano-panel-in-elm-veneer-detail-485x607.jpg 485w, https:\/\/gustafs.com\/wp-content\/uploads\/2024\/09\/nano-panel-in-elm-veneer-detail-970x1215.jpg 970w, https:\/\/gustafs.com\/wp-content\/uploads\/2024\/09\/nano-panel-in-elm-veneer-detail-435x545.jpg 435w, https:\/\/gustafs.com\/wp-content\/uploads\/2024\/09\/nano-panel-in-elm-veneer-detail-870x1090.jpg 870w, https:\/\/gustafs.com\/wp-content\/uploads\/2024\/09\/nano-panel-in-elm-veneer-detail-415x520.jpg 415w, https:\/\/gustafs.com\/wp-content\/uploads\/2024\/09\/nano-panel-in-elm-veneer-detail-830x1040.jpg 830w, https:\/\/gustafs.com\/wp-content\/uploads\/2024\/09\/nano-panel-in-elm-veneer-detail-395x495.jpg 395w, https:\/\/gustafs.com\/wp-content\/uploads\/2024\/09\/nano-panel-in-elm-veneer-detail-790x989.jpg 790w, https:\/\/gustafs.com\/wp-content\/uploads\/2024\/09\/nano-panel-in-elm-veneer-detail-363x455.jpg 363w, https:\/\/gustafs.com\/wp-content\/uploads\/2024\/09\/nano-panel-in-elm-veneer-detail-726x909.jpg 726w, https:\/\/gustafs.com\/wp-content\/uploads\/2024\/09\/nano-panel-in-elm-veneer-detail-275x344.jpg 275w, https:\/\/gustafs.com\/wp-content\/uploads\/2024\/09\/nano-panel-in-elm-veneer-detail-550x689.jpg 550w, https:\/\/gustafs.com\/wp-content\/uploads\/2024\/09\/nano-panel-in-elm-veneer-detail-273x342.jpg 273w, https:\/\/gustafs.com\/wp-content\/uploads\/2024\/09\/nano-panel-in-elm-veneer-detail-546x684.jpg 546w, https:\/\/gustafs.com\/wp-content\/uploads\/2024\/09\/nano-panel-in-elm-veneer-detail-183x229.jpg 183w, https:\/\/gustafs.com\/wp-content\/uploads\/2024\/09\/nano-panel-in-elm-veneer-detail-366x458.jpg 366w, https:\/\/gustafs.com\/wp-content\/uploads\/2024\/09\/nano-panel-in-elm-veneer-detail-113x142.jpg 113w, https:\/\/gustafs.com\/wp-content\/uploads\/2024\/09\/nano-panel-in-elm-veneer-detail-226x283.jpg 226w, https:\/\/gustafs.com\/wp-content\/uploads\/2024\/09\/nano-panel-in-elm-veneer-detail.jpg 1030w\"\n                            sizes=\"\n                                                        (min-width: 1440px) 635px,\n                            (min-width: 1400px) 575px,\n                            (min-width: 1200px) 485px,\n                            (min-width: 992px) 395px,\n                            (min-width: 768px) 275px,\n                            100vw\n                                                        \"\n                        >\n                    <\/div>\n                                                                                            <div class=\"content-wrapper\">\n                                    <\/div>              \n            <\/div>\n            \n            <div class=\"col-md-6 col-right col-text\">\n                                <div class=\"content-wrapper\">\n                                                                    <div class=\"title\">DETALJER<\/div>\n                                                <div class=\"content\">\n                                                        <div class=\"text font-16px\"><p>Arkitekt: Ahrbom &#038; Partner<\/p>\n<p>Installation: Gustafs<\/p>\n<p>Foto: Devis Bionaz<\/p>\n<\/div>\n                                                                                    <ul class=\"links\">\n                                                                                                <li><a href=\"https:\/\/gustafs.com\/sv\/produkt\/akustikpanel-nano\/\" target=\"_blank\">Produkt: Akustikpanel Nano<\/a><\/li>\n                                                                                                <li><a href=\"https:\/\/gustafs.com\/sv\/knowledge-hub\/ytor\/\" target=\"_blank\">Tr\u00e4fan\u00e9r: Alm<\/a><\/li>\n                                                                                                <li><a href=\"https:\/\/gustafs.com\/sv\/knowledge-hub\/fire-safety\/\" target=\"_blank\">Brandklass: B-s1,d0<\/a><\/li>\n                                                            <\/ul>\n                                                    <\/div>\n                                    <\/div>              \n            <\/div>\n            \n        <\/div>\n    <\/div>\n<\/section>\n\n\n\n<div class=\"wp-block-columns is-layout-flex wp-container-core-columns-is-layout-9d6595d7 wp-block-columns-is-layout-flex\">\n<div class=\"wp-block-column is-layout-flow wp-block-column-is-layout-flow\">\n<figure class=\"wp-block-image size-large\"><img loading=\"lazy\" decoding=\"async\" width=\"1024\" height=\"818\" src=\"https:\/\/gustafs.com\/wp-content\/uploads\/2024\/09\/district-court-foyer-elm-panels-on-walls-1024x818.jpg\" alt=\"Foaj\u00e9 i tingsr\u00e4tt med almpaneler p\u00e5 v\u00e4ggarna\" class=\"wp-image-24326\" srcset=\"https:\/\/gustafs.com\/wp-content\/uploads\/2024\/09\/district-court-foyer-elm-panels-on-walls-1024x818.jpg 1024w, https:\/\/gustafs.com\/wp-content\/uploads\/2024\/09\/district-court-foyer-elm-panels-on-walls-300x240.jpg 300w, https:\/\/gustafs.com\/wp-content\/uploads\/2024\/09\/district-court-foyer-elm-panels-on-walls-768x613.jpg 768w, https:\/\/gustafs.com\/wp-content\/uploads\/2024\/09\/district-court-foyer-elm-panels-on-walls-380x305.jpg 380w, https:\/\/gustafs.com\/wp-content\/uploads\/2024\/09\/district-court-foyer-elm-panels-on-walls-845x675.jpg 845w, https:\/\/gustafs.com\/wp-content\/uploads\/2024\/09\/district-court-foyer-elm-panels-on-walls-635x507.jpg 635w, https:\/\/gustafs.com\/wp-content\/uploads\/2024\/09\/district-court-foyer-elm-panels-on-walls-1270x1014.jpg 1270w, https:\/\/gustafs.com\/wp-content\/uploads\/2024\/09\/district-court-foyer-elm-panels-on-walls-575x459.jpg 575w, https:\/\/gustafs.com\/wp-content\/uploads\/2024\/09\/district-court-foyer-elm-panels-on-walls-1150x918.jpg 1150w, https:\/\/gustafs.com\/wp-content\/uploads\/2024\/09\/district-court-foyer-elm-panels-on-walls-485x387.jpg 485w, https:\/\/gustafs.com\/wp-content\/uploads\/2024\/09\/district-court-foyer-elm-panels-on-walls-970x774.jpg 970w, https:\/\/gustafs.com\/wp-content\/uploads\/2024\/09\/district-court-foyer-elm-panels-on-walls-435x347.jpg 435w, https:\/\/gustafs.com\/wp-content\/uploads\/2024\/09\/district-court-foyer-elm-panels-on-walls-870x695.jpg 870w, https:\/\/gustafs.com\/wp-content\/uploads\/2024\/09\/district-court-foyer-elm-panels-on-walls-415x331.jpg 415w, https:\/\/gustafs.com\/wp-content\/uploads\/2024\/09\/district-court-foyer-elm-panels-on-walls-830x663.jpg 830w, https:\/\/gustafs.com\/wp-content\/uploads\/2024\/09\/district-court-foyer-elm-panels-on-walls-395x315.jpg 395w, https:\/\/gustafs.com\/wp-content\/uploads\/2024\/09\/district-court-foyer-elm-panels-on-walls-790x631.jpg 790w, https:\/\/gustafs.com\/wp-content\/uploads\/2024\/09\/district-court-foyer-elm-panels-on-walls-363x290.jpg 363w, https:\/\/gustafs.com\/wp-content\/uploads\/2024\/09\/district-court-foyer-elm-panels-on-walls-726x580.jpg 726w, https:\/\/gustafs.com\/wp-content\/uploads\/2024\/09\/district-court-foyer-elm-panels-on-walls-275x220.jpg 275w, https:\/\/gustafs.com\/wp-content\/uploads\/2024\/09\/district-court-foyer-elm-panels-on-walls-550x439.jpg 550w, https:\/\/gustafs.com\/wp-content\/uploads\/2024\/09\/district-court-foyer-elm-panels-on-walls-273x218.jpg 273w, https:\/\/gustafs.com\/wp-content\/uploads\/2024\/09\/district-court-foyer-elm-panels-on-walls-546x436.jpg 546w, https:\/\/gustafs.com\/wp-content\/uploads\/2024\/09\/district-court-foyer-elm-panels-on-walls-183x146.jpg 183w, https:\/\/gustafs.com\/wp-content\/uploads\/2024\/09\/district-court-foyer-elm-panels-on-walls-366x292.jpg 366w, https:\/\/gustafs.com\/wp-content\/uploads\/2024\/09\/district-court-foyer-elm-panels-on-walls-113x90.jpg 113w, https:\/\/gustafs.com\/wp-content\/uploads\/2024\/09\/district-court-foyer-elm-panels-on-walls-226x180.jpg 226w, https:\/\/gustafs.com\/wp-content\/uploads\/2024\/09\/district-court-foyer-elm-panels-on-walls.jpg 1290w\" sizes=\"auto, (max-width: 1024px) 100vw, 1024px\" \/><\/figure>\n<\/div>\n\n\n\n<div class=\"wp-block-column is-layout-flow wp-block-column-is-layout-flow\">\n<figure class=\"wp-block-image size-large\"><img loading=\"lazy\" decoding=\"async\" width=\"1024\" height=\"818\" src=\"https:\/\/gustafs.com\/wp-content\/uploads\/2024\/09\/framed-elm-panels-in-corridor-1024x818.jpg\" alt=\"Inramade paneler i alm i korridor\" class=\"wp-image-24328\" srcset=\"https:\/\/gustafs.com\/wp-content\/uploads\/2024\/09\/framed-elm-panels-in-corridor-1024x818.jpg 1024w, https:\/\/gustafs.com\/wp-content\/uploads\/2024\/09\/framed-elm-panels-in-corridor-300x240.jpg 300w, https:\/\/gustafs.com\/wp-content\/uploads\/2024\/09\/framed-elm-panels-in-corridor-768x613.jpg 768w, https:\/\/gustafs.com\/wp-content\/uploads\/2024\/09\/framed-elm-panels-in-corridor-380x305.jpg 380w, https:\/\/gustafs.com\/wp-content\/uploads\/2024\/09\/framed-elm-panels-in-corridor-845x675.jpg 845w, https:\/\/gustafs.com\/wp-content\/uploads\/2024\/09\/framed-elm-panels-in-corridor-635x507.jpg 635w, https:\/\/gustafs.com\/wp-content\/uploads\/2024\/09\/framed-elm-panels-in-corridor-1270x1014.jpg 1270w, https:\/\/gustafs.com\/wp-content\/uploads\/2024\/09\/framed-elm-panels-in-corridor-575x459.jpg 575w, https:\/\/gustafs.com\/wp-content\/uploads\/2024\/09\/framed-elm-panels-in-corridor-1150x918.jpg 1150w, https:\/\/gustafs.com\/wp-content\/uploads\/2024\/09\/framed-elm-panels-in-corridor-485x387.jpg 485w, https:\/\/gustafs.com\/wp-content\/uploads\/2024\/09\/framed-elm-panels-in-corridor-970x774.jpg 970w, https:\/\/gustafs.com\/wp-content\/uploads\/2024\/09\/framed-elm-panels-in-corridor-435x347.jpg 435w, https:\/\/gustafs.com\/wp-content\/uploads\/2024\/09\/framed-elm-panels-in-corridor-870x695.jpg 870w, https:\/\/gustafs.com\/wp-content\/uploads\/2024\/09\/framed-elm-panels-in-corridor-415x331.jpg 415w, https:\/\/gustafs.com\/wp-content\/uploads\/2024\/09\/framed-elm-panels-in-corridor-830x663.jpg 830w, https:\/\/gustafs.com\/wp-content\/uploads\/2024\/09\/framed-elm-panels-in-corridor-395x315.jpg 395w, https:\/\/gustafs.com\/wp-content\/uploads\/2024\/09\/framed-elm-panels-in-corridor-790x631.jpg 790w, https:\/\/gustafs.com\/wp-content\/uploads\/2024\/09\/framed-elm-panels-in-corridor-363x290.jpg 363w, https:\/\/gustafs.com\/wp-content\/uploads\/2024\/09\/framed-elm-panels-in-corridor-726x580.jpg 726w, https:\/\/gustafs.com\/wp-content\/uploads\/2024\/09\/framed-elm-panels-in-corridor-275x220.jpg 275w, https:\/\/gustafs.com\/wp-content\/uploads\/2024\/09\/framed-elm-panels-in-corridor-550x439.jpg 550w, https:\/\/gustafs.com\/wp-content\/uploads\/2024\/09\/framed-elm-panels-in-corridor-273x218.jpg 273w, https:\/\/gustafs.com\/wp-content\/uploads\/2024\/09\/framed-elm-panels-in-corridor-546x436.jpg 546w, https:\/\/gustafs.com\/wp-content\/uploads\/2024\/09\/framed-elm-panels-in-corridor-183x146.jpg 183w, https:\/\/gustafs.com\/wp-content\/uploads\/2024\/09\/framed-elm-panels-in-corridor-366x292.jpg 366w, https:\/\/gustafs.com\/wp-content\/uploads\/2024\/09\/framed-elm-panels-in-corridor-113x90.jpg 113w, https:\/\/gustafs.com\/wp-content\/uploads\/2024\/09\/framed-elm-panels-in-corridor-226x180.jpg 226w, https:\/\/gustafs.com\/wp-content\/uploads\/2024\/09\/framed-elm-panels-in-corridor.jpg 1290w\" sizes=\"auto, (max-width: 1024px) 100vw, 1024px\" \/><\/figure>\n<\/div>\n<\/div>\n\n\n\n<div class=\"wp-block-columns is-layout-flex wp-container-core-columns-is-layout-9d6595d7 wp-block-columns-is-layout-flex\">\n<div class=\"wp-block-column is-layout-flow wp-block-column-is-layout-flow\">\n<figure class=\"wp-block-image size-large\"><img loading=\"lazy\" decoding=\"async\" width=\"1024\" height=\"818\" src=\"https:\/\/gustafs.com\/wp-content\/uploads\/2024\/09\/elm-panels-in-waiting-area-1024x818.jpg\" alt=\"Paneler i alm i v\u00e4ntrum\" class=\"wp-image-24334\" srcset=\"https:\/\/gustafs.com\/wp-content\/uploads\/2024\/09\/elm-panels-in-waiting-area-1024x818.jpg 1024w, https:\/\/gustafs.com\/wp-content\/uploads\/2024\/09\/elm-panels-in-waiting-area-300x240.jpg 300w, https:\/\/gustafs.com\/wp-content\/uploads\/2024\/09\/elm-panels-in-waiting-area-768x613.jpg 768w, https:\/\/gustafs.com\/wp-content\/uploads\/2024\/09\/elm-panels-in-waiting-area-380x305.jpg 380w, https:\/\/gustafs.com\/wp-content\/uploads\/2024\/09\/elm-panels-in-waiting-area-845x675.jpg 845w, https:\/\/gustafs.com\/wp-content\/uploads\/2024\/09\/elm-panels-in-waiting-area-635x507.jpg 635w, https:\/\/gustafs.com\/wp-content\/uploads\/2024\/09\/elm-panels-in-waiting-area-1270x1014.jpg 1270w, https:\/\/gustafs.com\/wp-content\/uploads\/2024\/09\/elm-panels-in-waiting-area-575x459.jpg 575w, https:\/\/gustafs.com\/wp-content\/uploads\/2024\/09\/elm-panels-in-waiting-area-1150x918.jpg 1150w, https:\/\/gustafs.com\/wp-content\/uploads\/2024\/09\/elm-panels-in-waiting-area-485x387.jpg 485w, https:\/\/gustafs.com\/wp-content\/uploads\/2024\/09\/elm-panels-in-waiting-area-970x774.jpg 970w, https:\/\/gustafs.com\/wp-content\/uploads\/2024\/09\/elm-panels-in-waiting-area-435x347.jpg 435w, https:\/\/gustafs.com\/wp-content\/uploads\/2024\/09\/elm-panels-in-waiting-area-870x695.jpg 870w, https:\/\/gustafs.com\/wp-content\/uploads\/2024\/09\/elm-panels-in-waiting-area-415x331.jpg 415w, https:\/\/gustafs.com\/wp-content\/uploads\/2024\/09\/elm-panels-in-waiting-area-830x663.jpg 830w, https:\/\/gustafs.com\/wp-content\/uploads\/2024\/09\/elm-panels-in-waiting-area-395x315.jpg 395w, https:\/\/gustafs.com\/wp-content\/uploads\/2024\/09\/elm-panels-in-waiting-area-790x631.jpg 790w, https:\/\/gustafs.com\/wp-content\/uploads\/2024\/09\/elm-panels-in-waiting-area-363x290.jpg 363w, https:\/\/gustafs.com\/wp-content\/uploads\/2024\/09\/elm-panels-in-waiting-area-726x580.jpg 726w, https:\/\/gustafs.com\/wp-content\/uploads\/2024\/09\/elm-panels-in-waiting-area-275x220.jpg 275w, https:\/\/gustafs.com\/wp-content\/uploads\/2024\/09\/elm-panels-in-waiting-area-550x439.jpg 550w, https:\/\/gustafs.com\/wp-content\/uploads\/2024\/09\/elm-panels-in-waiting-area-273x218.jpg 273w, https:\/\/gustafs.com\/wp-content\/uploads\/2024\/09\/elm-panels-in-waiting-area-546x436.jpg 546w, https:\/\/gustafs.com\/wp-content\/uploads\/2024\/09\/elm-panels-in-waiting-area-183x146.jpg 183w, https:\/\/gustafs.com\/wp-content\/uploads\/2024\/09\/elm-panels-in-waiting-area-366x292.jpg 366w, https:\/\/gustafs.com\/wp-content\/uploads\/2024\/09\/elm-panels-in-waiting-area-113x90.jpg 113w, https:\/\/gustafs.com\/wp-content\/uploads\/2024\/09\/elm-panels-in-waiting-area-226x180.jpg 226w, https:\/\/gustafs.com\/wp-content\/uploads\/2024\/09\/elm-panels-in-waiting-area.jpg 1290w\" sizes=\"auto, (max-width: 1024px) 100vw, 1024px\" \/><\/figure>\n<\/div>\n\n\n\n<div class=\"wp-block-column is-layout-flow wp-block-column-is-layout-flow\">\n<figure class=\"wp-block-image size-large\"><img loading=\"lazy\" decoding=\"async\" width=\"1024\" height=\"818\" src=\"https:\/\/gustafs.com\/wp-content\/uploads\/2024\/09\/framed-elm-panels-on-wall-1024x818.jpg\" alt=\"Inramade almpaneler p\u00e5 v\u00e4gg\" class=\"wp-image-24336\" srcset=\"https:\/\/gustafs.com\/wp-content\/uploads\/2024\/09\/framed-elm-panels-on-wall-1024x818.jpg 1024w, https:\/\/gustafs.com\/wp-content\/uploads\/2024\/09\/framed-elm-panels-on-wall-300x240.jpg 300w, https:\/\/gustafs.com\/wp-content\/uploads\/2024\/09\/framed-elm-panels-on-wall-768x613.jpg 768w, https:\/\/gustafs.com\/wp-content\/uploads\/2024\/09\/framed-elm-panels-on-wall-380x305.jpg 380w, https:\/\/gustafs.com\/wp-content\/uploads\/2024\/09\/framed-elm-panels-on-wall-845x675.jpg 845w, https:\/\/gustafs.com\/wp-content\/uploads\/2024\/09\/framed-elm-panels-on-wall-635x507.jpg 635w, https:\/\/gustafs.com\/wp-content\/uploads\/2024\/09\/framed-elm-panels-on-wall-1270x1014.jpg 1270w, https:\/\/gustafs.com\/wp-content\/uploads\/2024\/09\/framed-elm-panels-on-wall-575x459.jpg 575w, https:\/\/gustafs.com\/wp-content\/uploads\/2024\/09\/framed-elm-panels-on-wall-1150x918.jpg 1150w, https:\/\/gustafs.com\/wp-content\/uploads\/2024\/09\/framed-elm-panels-on-wall-485x387.jpg 485w, https:\/\/gustafs.com\/wp-content\/uploads\/2024\/09\/framed-elm-panels-on-wall-970x774.jpg 970w, https:\/\/gustafs.com\/wp-content\/uploads\/2024\/09\/framed-elm-panels-on-wall-435x347.jpg 435w, https:\/\/gustafs.com\/wp-content\/uploads\/2024\/09\/framed-elm-panels-on-wall-870x695.jpg 870w, https:\/\/gustafs.com\/wp-content\/uploads\/2024\/09\/framed-elm-panels-on-wall-415x331.jpg 415w, https:\/\/gustafs.com\/wp-content\/uploads\/2024\/09\/framed-elm-panels-on-wall-830x663.jpg 830w, https:\/\/gustafs.com\/wp-content\/uploads\/2024\/09\/framed-elm-panels-on-wall-395x315.jpg 395w, https:\/\/gustafs.com\/wp-content\/uploads\/2024\/09\/framed-elm-panels-on-wall-790x631.jpg 790w, https:\/\/gustafs.com\/wp-content\/uploads\/2024\/09\/framed-elm-panels-on-wall-363x290.jpg 363w, https:\/\/gustafs.com\/wp-content\/uploads\/2024\/09\/framed-elm-panels-on-wall-726x580.jpg 726w, https:\/\/gustafs.com\/wp-content\/uploads\/2024\/09\/framed-elm-panels-on-wall-275x220.jpg 275w, https:\/\/gustafs.com\/wp-content\/uploads\/2024\/09\/framed-elm-panels-on-wall-550x439.jpg 550w, https:\/\/gustafs.com\/wp-content\/uploads\/2024\/09\/framed-elm-panels-on-wall-273x218.jpg 273w, https:\/\/gustafs.com\/wp-content\/uploads\/2024\/09\/framed-elm-panels-on-wall-546x436.jpg 546w, https:\/\/gustafs.com\/wp-content\/uploads\/2024\/09\/framed-elm-panels-on-wall-183x146.jpg 183w, https:\/\/gustafs.com\/wp-content\/uploads\/2024\/09\/framed-elm-panels-on-wall-366x292.jpg 366w, https:\/\/gustafs.com\/wp-content\/uploads\/2024\/09\/framed-elm-panels-on-wall-113x90.jpg 113w, https:\/\/gustafs.com\/wp-content\/uploads\/2024\/09\/framed-elm-panels-on-wall-226x180.jpg 226w, https:\/\/gustafs.com\/wp-content\/uploads\/2024\/09\/framed-elm-panels-on-wall.jpg 1290w\" sizes=\"auto, (max-width: 1024px) 100vw, 1024px\" \/><\/figure>\n<\/div>\n<\/div>\n","protected":false},"excerpt":{"rendered":"","protected":false},"featured_media":34369,"comment_status":"open","ping_status":"closed","template":"","project-product":[279],"project-installation":[289],"project-veneer":[296],"project-surface":[],"project-country":[316],"project-sector":[329],"class_list":["post-24339","projects","type-projects","status-publish","has-post-thumbnail","hentry","project-product-akustikpanel-nano","project-installation-vagg","project-veneer-almfaner","project-country-sverige","project-sector-myndighetsbyggnad"],"acf":[],"yoast_head":"<!-- This site is optimized with the Yoast SEO plugin v25.4 - https:\/\/yoast.com\/wordpress\/plugins\/seo\/ -->\n<title>Eskilstuna Tingsr\u00e4tt | Gustafs Scandinavia<\/title>\n<meta name=\"description\" content=\"I tingsr\u00e4tten i Eskilstuna kl\u00e4r Gustafs nanoperforerade paneler i almfan\u00e9r v\u00e4ggarna i korridoren utanf\u00f6r f\u00f6rhandlingssalarna.\" \/>\n<meta name=\"robots\" content=\"index, follow, max-snippet:-1, max-image-preview:large, max-video-preview:-1\" \/>\n<link rel=\"canonical\" href=\"https:\/\/gustafs.com\/sv\/projects\/eskilstuna-tingsratt\/\" \/>\n<meta property=\"og:locale\" content=\"sv_SE\" \/>\n<meta property=\"og:type\" content=\"article\" \/>\n<meta property=\"og:title\" content=\"Eskilstuna Tingsr\u00e4tt | Gustafs Scandinavia\" \/>\n<meta property=\"og:description\" content=\"I tingsr\u00e4tten i Eskilstuna kl\u00e4r Gustafs nanoperforerade paneler i almfan\u00e9r v\u00e4ggarna i korridoren utanf\u00f6r f\u00f6rhandlingssalarna.\" \/>\n<meta property=\"og:url\" content=\"https:\/\/gustafs.com\/sv\/projects\/eskilstuna-tingsratt\/\" \/>\n<meta property=\"og:site_name\" content=\"Gustafs Scandinavia\" \/>\n<meta property=\"article:modified_time\" content=\"2025-06-25T09:13:17+00:00\" \/>\n<meta property=\"og:image\" content=\"https:\/\/gustafs.com\/wp-content\/uploads\/2024\/09\/elm-panels-thumb.jpg\" \/>\n\t<meta property=\"og:image:width\" content=\"380\" \/>\n\t<meta property=\"og:image:height\" content=\"305\" \/>\n\t<meta property=\"og:image:type\" content=\"image\/jpeg\" \/>\n<meta name=\"twitter:card\" content=\"summary_large_image\" \/>\n<meta name=\"twitter:label1\" content=\"Ber\u00e4knad l\u00e4stid\" \/>\n\t<meta name=\"twitter:data1\" content=\"1 minut\" \/>\n<script type=\"application\/ld+json\" class=\"yoast-schema-graph\">{\"@context\":\"https:\/\/schema.org\",\"@graph\":[{\"@type\":\"WebPage\",\"@id\":\"https:\/\/gustafs.com\/sv\/projects\/eskilstuna-tingsratt\/\",\"url\":\"https:\/\/gustafs.com\/sv\/projects\/eskilstuna-tingsratt\/\",\"name\":\"Eskilstuna Tingsr\u00e4tt | Gustafs Scandinavia\",\"isPartOf\":{\"@id\":\"https:\/\/gustafs.com\/sv\/#website\"},\"primaryImageOfPage\":{\"@id\":\"https:\/\/gustafs.com\/sv\/projects\/eskilstuna-tingsratt\/#primaryimage\"},\"image\":{\"@id\":\"https:\/\/gustafs.com\/sv\/projects\/eskilstuna-tingsratt\/#primaryimage\"},\"thumbnailUrl\":\"https:\/\/gustafs.com\/wp-content\/uploads\/2024\/09\/elm-panels-wall-thumb.jpg\",\"datePublished\":\"2024-09-20T09:01:09+00:00\",\"dateModified\":\"2025-06-25T09:13:17+00:00\",\"description\":\"I tingsr\u00e4tten i Eskilstuna kl\u00e4r Gustafs nanoperforerade paneler i almfan\u00e9r v\u00e4ggarna i korridoren utanf\u00f6r f\u00f6rhandlingssalarna.\",\"breadcrumb\":{\"@id\":\"https:\/\/gustafs.com\/sv\/projects\/eskilstuna-tingsratt\/#breadcrumb\"},\"inLanguage\":\"sv-SE\",\"potentialAction\":[{\"@type\":\"ReadAction\",\"target\":[\"https:\/\/gustafs.com\/sv\/projects\/eskilstuna-tingsratt\/\"]}]},{\"@type\":\"ImageObject\",\"inLanguage\":\"sv-SE\",\"@id\":\"https:\/\/gustafs.com\/sv\/projects\/eskilstuna-tingsratt\/#primaryimage\",\"url\":\"https:\/\/gustafs.com\/wp-content\/uploads\/2024\/09\/elm-panels-wall-thumb.jpg\",\"contentUrl\":\"https:\/\/gustafs.com\/wp-content\/uploads\/2024\/09\/elm-panels-wall-thumb.jpg\",\"width\":380,\"height\":305},{\"@type\":\"BreadcrumbList\",\"@id\":\"https:\/\/gustafs.com\/sv\/projects\/eskilstuna-tingsratt\/#breadcrumb\",\"itemListElement\":[{\"@type\":\"ListItem\",\"position\":1,\"name\":\"Gustafs\",\"item\":\"https:\/\/gustafs.com\/sv\/\"},{\"@type\":\"ListItem\",\"position\":2,\"name\":\"Eskilstuna Tingsr\u00e4tt\"}]},{\"@type\":\"WebSite\",\"@id\":\"https:\/\/gustafs.com\/sv\/#website\",\"url\":\"https:\/\/gustafs.com\/sv\/\",\"name\":\"Gustafs Scandinavia\",\"description\":\"Exclusive Wooden Panels And Acoustic Panels\",\"potentialAction\":[{\"@type\":\"SearchAction\",\"target\":{\"@type\":\"EntryPoint\",\"urlTemplate\":\"https:\/\/gustafs.com\/sv\/?s={search_term_string}\"},\"query-input\":{\"@type\":\"PropertyValueSpecification\",\"valueRequired\":true,\"valueName\":\"search_term_string\"}}],\"inLanguage\":\"sv-SE\"}]}<\/script>\n<!-- \/ Yoast SEO plugin. -->","yoast_head_json":{"title":"Eskilstuna Tingsr\u00e4tt | Gustafs Scandinavia","description":"I tingsr\u00e4tten i Eskilstuna kl\u00e4r Gustafs nanoperforerade paneler i almfan\u00e9r v\u00e4ggarna i korridoren utanf\u00f6r f\u00f6rhandlingssalarna.","robots":{"index":"index","follow":"follow","max-snippet":"max-snippet:-1","max-image-preview":"max-image-preview:large","max-video-preview":"max-video-preview:-1"},"canonical":"https:\/\/gustafs.com\/sv\/projects\/eskilstuna-tingsratt\/","og_locale":"sv_SE","og_type":"article","og_title":"Eskilstuna Tingsr\u00e4tt | Gustafs Scandinavia","og_description":"I tingsr\u00e4tten i Eskilstuna kl\u00e4r Gustafs nanoperforerade paneler i almfan\u00e9r v\u00e4ggarna i korridoren utanf\u00f6r f\u00f6rhandlingssalarna.","og_url":"https:\/\/gustafs.com\/sv\/projects\/eskilstuna-tingsratt\/","og_site_name":"Gustafs Scandinavia","article_modified_time":"2025-06-25T09:13:17+00:00","og_image":[{"width":380,"height":305,"url":"https:\/\/gustafs.com\/wp-content\/uploads\/2024\/09\/elm-panels-thumb.jpg","type":"image\/jpeg"}],"twitter_card":"summary_large_image","twitter_misc":{"Ber\u00e4knad l\u00e4stid":"1 minut"},"schema":{"@context":"https:\/\/schema.org","@graph":[{"@type":"WebPage","@id":"https:\/\/gustafs.com\/sv\/projects\/eskilstuna-tingsratt\/","url":"https:\/\/gustafs.com\/sv\/projects\/eskilstuna-tingsratt\/","name":"Eskilstuna Tingsr\u00e4tt | Gustafs Scandinavia","isPartOf":{"@id":"https:\/\/gustafs.com\/sv\/#website"},"primaryImageOfPage":{"@id":"https:\/\/gustafs.com\/sv\/projects\/eskilstuna-tingsratt\/#primaryimage"},"image":{"@id":"https:\/\/gustafs.com\/sv\/projects\/eskilstuna-tingsratt\/#primaryimage"},"thumbnailUrl":"https:\/\/gustafs.com\/wp-content\/uploads\/2024\/09\/elm-panels-wall-thumb.jpg","datePublished":"2024-09-20T09:01:09+00:00","dateModified":"2025-06-25T09:13:17+00:00","description":"I tingsr\u00e4tten i Eskilstuna kl\u00e4r Gustafs nanoperforerade paneler i almfan\u00e9r v\u00e4ggarna i korridoren utanf\u00f6r f\u00f6rhandlingssalarna.","breadcrumb":{"@id":"https:\/\/gustafs.com\/sv\/projects\/eskilstuna-tingsratt\/#breadcrumb"},"inLanguage":"sv-SE","potentialAction":[{"@type":"ReadAction","target":["https:\/\/gustafs.com\/sv\/projects\/eskilstuna-tingsratt\/"]}]},{"@type":"ImageObject","inLanguage":"sv-SE","@id":"https:\/\/gustafs.com\/sv\/projects\/eskilstuna-tingsratt\/#primaryimage","url":"https:\/\/gustafs.com\/wp-content\/uploads\/2024\/09\/elm-panels-wall-thumb.jpg","contentUrl":"https:\/\/gustafs.com\/wp-content\/uploads\/2024\/09\/elm-panels-wall-thumb.jpg","width":380,"height":305},{"@type":"BreadcrumbList","@id":"https:\/\/gustafs.com\/sv\/projects\/eskilstuna-tingsratt\/#breadcrumb","itemListElement":[{"@type":"ListItem","position":1,"name":"Gustafs","item":"https:\/\/gustafs.com\/sv\/"},{"@type":"ListItem","position":2,"name":"Eskilstuna Tingsr\u00e4tt"}]},{"@type":"WebSite","@id":"https:\/\/gustafs.com\/sv\/#website","url":"https:\/\/gustafs.com\/sv\/","name":"Gustafs Scandinavia","description":"Exclusive Wooden Panels And Acoustic Panels","potentialAction":[{"@type":"SearchAction","target":{"@type":"EntryPoint","urlTemplate":"https:\/\/gustafs.com\/sv\/?s={search_term_string}"},"query-input":{"@type":"PropertyValueSpecification","valueRequired":true,"valueName":"search_term_string"}}],"inLanguage":"sv-SE"}]}},"_links":{"self":[{"href":"https:\/\/gustafs.com\/sv\/wp-json\/wp\/v2\/projects\/24339","targetHints":{"allow":["GET"]}}],"collection":[{"href":"https:\/\/gustafs.com\/sv\/wp-json\/wp\/v2\/projects"}],"about":[{"href":"https:\/\/gustafs.com\/sv\/wp-json\/wp\/v2\/types\/projects"}],"replies":[{"embeddable":true,"href":"https:\/\/gustafs.com\/sv\/wp-json\/wp\/v2\/comments?post=24339"}],"wp:featuredmedia":[{"embeddable":true,"href":"https:\/\/gustafs.com\/sv\/wp-json\/wp\/v2\/media\/34369"}],"wp:attachment":[{"href":"https:\/\/gustafs.com\/sv\/wp-json\/wp\/v2\/media?parent=24339"}],"wp:term":[{"taxonomy":"project-product","embeddable":true,"href":"https:\/\/gustafs.com\/sv\/wp-json\/wp\/v2\/project-product?post=24339"},{"taxonomy":"project-installation","embeddable":true,"href":"https:\/\/gustafs.com\/sv\/wp-json\/wp\/v2\/project-installation?post=24339"},{"taxonomy":"project-veneer","embeddable":true,"href":"https:\/\/gustafs.com\/sv\/wp-json\/wp\/v2\/project-veneer?post=24339"},{"taxonomy":"project-surface","embeddable":true,"href":"https:\/\/gustafs.com\/sv\/wp-json\/wp\/v2\/project-surface?post=24339"},{"taxonomy":"project-country","embeddable":true,"href":"https:\/\/gustafs.com\/sv\/wp-json\/wp\/v2\/project-country?post=24339"},{"taxonomy":"project-sector","embeddable":true,"href":"https:\/\/gustafs.com\/sv\/wp-json\/wp\/v2\/project-sector?post=24339"}],"curies":[{"name":"wp","href":"https:\/\/api.w.org\/{rel}","templated":true}]}}