{"id":13296,"date":"2022-03-30T13:11:44","date_gmt":"2022-03-30T13:11:44","guid":{"rendered":"https:\/\/gustafs.com\/projects\/furnishing-town-hall\/"},"modified":"2023-05-11T14:44:41","modified_gmt":"2023-05-11T14:44:41","slug":"furnishing-town-hall","status":"publish","type":"projects","link":"https:\/\/gustafs.com\/sv\/projects\/furnishing-town-hall\/","title":{"rendered":"Uppsala Stadshus"},"content":{"rendered":"\n<h1 class=\"wp-block-heading\">Skr\u00e4ddarsydd inredning till Uppsala Stadshus<a href=\"https:\/\/gustafs.com\/wp-content\/uploads\/2021\/12\/customised-rib-dimensions-4.jpg\"><\/a><\/h1>\n\n\n\n<section class=\"image-plus-text\">\n    <div class=\"container\">\n        <div class=\"row\">\n            \n            <div class=\"col-md-6 col-left col-image\">\n                                                        <div class=\"image \">\n                        <img decoding=\"async\"\n                            src=\"https:\/\/gustafs.com\/wp-content\/uploads\/2022\/03\/perforated-acoustic-panels-town-hall-645x810.jpg\"\n                            alt=\"\"\n                            srcset=\"https:\/\/gustafs.com\/wp-content\/uploads\/2022\/03\/perforated-acoustic-panels-town-hall-240x300.jpg 240w, https:\/\/gustafs.com\/wp-content\/uploads\/2022\/03\/perforated-acoustic-panels-town-hall-818x1024.jpg 818w, https:\/\/gustafs.com\/wp-content\/uploads\/2022\/03\/perforated-acoustic-panels-town-hall-768x962.jpg 768w, https:\/\/gustafs.com\/wp-content\/uploads\/2022\/03\/perforated-acoustic-panels-town-hall-720x900.jpg 720w, https:\/\/gustafs.com\/wp-content\/uploads\/2022\/03\/perforated-acoustic-panels-town-hall-645x810.jpg 645w, https:\/\/gustafs.com\/wp-content\/uploads\/2022\/03\/perforated-acoustic-panels-town-hall-380x475.jpg 380w, https:\/\/gustafs.com\/wp-content\/uploads\/2022\/03\/perforated-acoustic-panels-town-hall.jpg 1030w\"\n                            sizes=\"\n                                                        (min-width: 1440px) 635px,\n                            (min-width: 1400px) 575px,\n                            (min-width: 1200px) 485px,\n                            (min-width: 992px) 395px,\n                            (min-width: 768px) 275px,\n                            100vw\n                                                        \"\n                        >\n                    <\/div>\n                                                                                            <div class=\"content-wrapper\">\n                                    <\/div>              \n            <\/div>\n            \n            <div class=\"col-md-6 col-right col-text\">\n                                <div class=\"content-wrapper\">\n                                                                    <div class=\"title\">\u00d6PPEN &#038; TRANSPARENT<\/div>\n                                                <div class=\"content\">\n                                                        <div class=\"text font-13px\"><p>Ett s\u00e4tt att g\u00f6ra en byggnads interi\u00f6r mer demokratisk, \u00e4r att g\u00f6ra det enkelt och \u00f6ppet f\u00f6r bes\u00f6kare att delta i beslutsprocesser. Detta \u00e4r utg\u00e5ngspunkten f\u00f6r Uppsala stadshus magnifika nya lokaler. Det stora atriumet f\u00f6rbinder kommunens olika delar, men den \u00f6ppna fullm\u00e4ktigesalen ligger centralt i byggnaden.<\/p>\n<\/div>\n                                                                                <\/div>\n                                    <\/div>              \n            <\/div>\n            \n        <\/div>\n    <\/div>\n<\/section>\n\n\n\n<section class=\"image-plus-text\">\n    <div class=\"container\">\n        <div class=\"row\">\n            \n            <div class=\"col-md-6 col-left col-text\">\n                                <div class=\"content-wrapper\">\n                                                                    <div class=\"title\">LJUS M\u00d6TER TR\u00c4<\/div>\n                                                <div class=\"content\">\n                                                        <div class=\"text font-13px\"><p>Det glaskl\u00e4dda taket sl\u00e4pper in stora m\u00e4ngder ljus som reflekteras i det vitpigmenterade tr\u00e4 som \u00e4r en central del av interi\u00f6ren.\u00a0Vi p\u00e5 Gustafs har levererat v\u00e4ggpaneler till byggnadens olika utrymmen. Panelerna \u00e4r en blandning av akustikpaneler och enkla, sl\u00e4ta paneler &#8211; alla med vitpigmenterad ask.<\/p>\n<p>Ut\u00f6ver v\u00e4ggpanelerna har vi \u00e4ven producerat ett antal speciall\u00f6sningar f\u00f6r interi\u00f6ren. Allt fr\u00e5n m\u00f6bler och garderober till luckor och mycket mer. D\u00e4r de ljusa askpanelerna slutar tar m\u00f6rka teak-paneler \u00f6ver. I ett av byggnadens lunchrum sitter v\u00e5ra tr\u00e4paneler p\u00e5 v\u00e4ggarna, som har tillverkats med teakfaner.<\/p>\n<\/div>\n                                                                                <\/div>\n                                    <\/div>              \n            <\/div>\n            \n            <div class=\"col-md-6 col-right col-image\">\n                                                        <div class=\"image \">\n                        <img decoding=\"async\"\n                            src=\"https:\/\/gustafs.com\/wp-content\/uploads\/2022\/03\/atrium-windows-wood-surroundings-645x810.jpg\"\n                            alt=\"\"\n                            srcset=\"https:\/\/gustafs.com\/wp-content\/uploads\/2022\/03\/atrium-windows-wood-surroundings-240x300.jpg 240w, https:\/\/gustafs.com\/wp-content\/uploads\/2022\/03\/atrium-windows-wood-surroundings-818x1024.jpg 818w, https:\/\/gustafs.com\/wp-content\/uploads\/2022\/03\/atrium-windows-wood-surroundings-768x962.jpg 768w, https:\/\/gustafs.com\/wp-content\/uploads\/2022\/03\/atrium-windows-wood-surroundings-720x900.jpg 720w, https:\/\/gustafs.com\/wp-content\/uploads\/2022\/03\/atrium-windows-wood-surroundings-645x810.jpg 645w, https:\/\/gustafs.com\/wp-content\/uploads\/2022\/03\/atrium-windows-wood-surroundings-380x475.jpg 380w, https:\/\/gustafs.com\/wp-content\/uploads\/2022\/03\/atrium-windows-wood-surroundings.jpg 1030w\"\n                            sizes=\"\n                                                        (min-width: 1440px) 635px,\n                            (min-width: 1400px) 575px,\n                            (min-width: 1200px) 485px,\n                            (min-width: 992px) 395px,\n                            (min-width: 768px) 275px,\n                            100vw\n                                                        \"\n                        >\n                    <\/div>\n                                                                                            <div class=\"content-wrapper\">\n                                    <\/div>              \n            <\/div>\n            \n        <\/div>\n    <\/div>\n<\/section>\n\n\n\n<section class=\"image-plus-text\">\n    <div class=\"container\">\n        <div class=\"row\">\n            \n            <div class=\"col-md-6 col-left col-image\">\n                                                        <div class=\"image \">\n                        <img decoding=\"async\"\n                            src=\"https:\/\/gustafs.com\/wp-content\/uploads\/2022\/03\/white-pigmented-ash-panels-645x810.jpg\"\n                            alt=\"\"\n                            srcset=\"https:\/\/gustafs.com\/wp-content\/uploads\/2022\/03\/white-pigmented-ash-panels-240x300.jpg 240w, https:\/\/gustafs.com\/wp-content\/uploads\/2022\/03\/white-pigmented-ash-panels-818x1024.jpg 818w, https:\/\/gustafs.com\/wp-content\/uploads\/2022\/03\/white-pigmented-ash-panels-768x962.jpg 768w, https:\/\/gustafs.com\/wp-content\/uploads\/2022\/03\/white-pigmented-ash-panels-720x900.jpg 720w, https:\/\/gustafs.com\/wp-content\/uploads\/2022\/03\/white-pigmented-ash-panels-645x810.jpg 645w, https:\/\/gustafs.com\/wp-content\/uploads\/2022\/03\/white-pigmented-ash-panels-380x475.jpg 380w, https:\/\/gustafs.com\/wp-content\/uploads\/2022\/03\/white-pigmented-ash-panels.jpg 1030w\"\n                            sizes=\"\n                                                        (min-width: 1440px) 635px,\n                            (min-width: 1400px) 575px,\n                            (min-width: 1200px) 485px,\n                            (min-width: 992px) 395px,\n                            (min-width: 768px) 275px,\n                            100vw\n                                                        \"\n                        >\n                    <\/div>\n                                                                                            <div class=\"content-wrapper\">\n                                    <\/div>              \n            <\/div>\n            \n            <div class=\"col-md-6 col-right col-text\">\n                                <div class=\"content-wrapper\">\n                                                                    <div class=\"title\">DETALJER<\/div>\n                                                <div class=\"content\">\n                                                        <div class=\"text font-13px\"><p>Arkitekt: Henning Larsen Architects<\/p>\n<p>Installation: Snickarbolaget<\/p>\n<p>Foto: Devis Bionaz<\/p>\n<\/div>\n                                                                                    <ul class=\"links\">\n                                                                                                <li><a href=\"\/sv\/produkt\/akustikpanel-nano\/\" target=\"\">Produkt: Akustikpanel Nano<\/a><\/li>\n                                                                                                <li><a href=\"\/sv\/produkt\/akustikpanel-ph5\/\" target=\"\">Produkt: Akustikpanel PH5<\/a><\/li>\n                                                                                                <li><a href=\"\/sv\/produkt\/trapaneler\/\" target=\"\">Produkt: Sl\u00e4ta tr\u00e4paneler<\/a><\/li>\n                                                                                                <li><a href=\"\/sv\/knowledge-hub\/ytor\/trafaner-nature\/\" target=\"\">Tr\u00e4faner: Vitpigmenterad Ask &amp; Teak<\/a><\/li>\n                                                                                                <li><a href=\"\/sv\/knowledge-hub\/fire-safety\/\" target=\"\">Brandklass: A2-s1,d0<\/a><\/li>\n                                                            <\/ul>\n                                                    <\/div>\n                                    <\/div>              \n            <\/div>\n            \n        <\/div>\n    <\/div>\n<\/section>\n\n\n\n<div class=\"wp-block-columns is-layout-flex wp-container-core-columns-is-layout-9d6595d7 wp-block-columns-is-layout-flex\">\n<div class=\"wp-block-column is-layout-flow wp-block-column-is-layout-flow\">\n<figure class=\"wp-block-image size-large\"><img loading=\"lazy\" decoding=\"async\" width=\"1024\" height=\"818\" src=\"https:\/\/gustafs.com\/wp-content\/uploads\/2022\/03\/bespoke-furnishing-in-pigmented-ash-1024x818.jpg\" alt=\"Bespoke furnishing in white pigmented ash\" class=\"wp-image-5456\" srcset=\"https:\/\/gustafs.com\/wp-content\/uploads\/2022\/03\/bespoke-furnishing-in-pigmented-ash-1024x818.jpg 1024w, https:\/\/gustafs.com\/wp-content\/uploads\/2022\/03\/bespoke-furnishing-in-pigmented-ash-300x240.jpg 300w, https:\/\/gustafs.com\/wp-content\/uploads\/2022\/03\/bespoke-furnishing-in-pigmented-ash-768x613.jpg 768w, https:\/\/gustafs.com\/wp-content\/uploads\/2022\/03\/bespoke-furnishing-in-pigmented-ash-380x305.jpg 380w, https:\/\/gustafs.com\/wp-content\/uploads\/2022\/03\/bespoke-furnishing-in-pigmented-ash-845x675.jpg 845w, https:\/\/gustafs.com\/wp-content\/uploads\/2022\/03\/bespoke-furnishing-in-pigmented-ash-635x507.jpg 635w, https:\/\/gustafs.com\/wp-content\/uploads\/2022\/03\/bespoke-furnishing-in-pigmented-ash-1270x1014.jpg 1270w, https:\/\/gustafs.com\/wp-content\/uploads\/2022\/03\/bespoke-furnishing-in-pigmented-ash-575x459.jpg 575w, https:\/\/gustafs.com\/wp-content\/uploads\/2022\/03\/bespoke-furnishing-in-pigmented-ash-1150x918.jpg 1150w, https:\/\/gustafs.com\/wp-content\/uploads\/2022\/03\/bespoke-furnishing-in-pigmented-ash-485x387.jpg 485w, https:\/\/gustafs.com\/wp-content\/uploads\/2022\/03\/bespoke-furnishing-in-pigmented-ash-970x774.jpg 970w, https:\/\/gustafs.com\/wp-content\/uploads\/2022\/03\/bespoke-furnishing-in-pigmented-ash-435x347.jpg 435w, https:\/\/gustafs.com\/wp-content\/uploads\/2022\/03\/bespoke-furnishing-in-pigmented-ash-870x695.jpg 870w, https:\/\/gustafs.com\/wp-content\/uploads\/2022\/03\/bespoke-furnishing-in-pigmented-ash-415x331.jpg 415w, https:\/\/gustafs.com\/wp-content\/uploads\/2022\/03\/bespoke-furnishing-in-pigmented-ash-830x663.jpg 830w, https:\/\/gustafs.com\/wp-content\/uploads\/2022\/03\/bespoke-furnishing-in-pigmented-ash-395x315.jpg 395w, https:\/\/gustafs.com\/wp-content\/uploads\/2022\/03\/bespoke-furnishing-in-pigmented-ash-790x631.jpg 790w, https:\/\/gustafs.com\/wp-content\/uploads\/2022\/03\/bespoke-furnishing-in-pigmented-ash-363x290.jpg 363w, https:\/\/gustafs.com\/wp-content\/uploads\/2022\/03\/bespoke-furnishing-in-pigmented-ash-726x580.jpg 726w, https:\/\/gustafs.com\/wp-content\/uploads\/2022\/03\/bespoke-furnishing-in-pigmented-ash-275x220.jpg 275w, https:\/\/gustafs.com\/wp-content\/uploads\/2022\/03\/bespoke-furnishing-in-pigmented-ash-550x439.jpg 550w, https:\/\/gustafs.com\/wp-content\/uploads\/2022\/03\/bespoke-furnishing-in-pigmented-ash-273x218.jpg 273w, https:\/\/gustafs.com\/wp-content\/uploads\/2022\/03\/bespoke-furnishing-in-pigmented-ash-546x436.jpg 546w, https:\/\/gustafs.com\/wp-content\/uploads\/2022\/03\/bespoke-furnishing-in-pigmented-ash-183x146.jpg 183w, https:\/\/gustafs.com\/wp-content\/uploads\/2022\/03\/bespoke-furnishing-in-pigmented-ash-366x292.jpg 366w, https:\/\/gustafs.com\/wp-content\/uploads\/2022\/03\/bespoke-furnishing-in-pigmented-ash-113x90.jpg 113w, https:\/\/gustafs.com\/wp-content\/uploads\/2022\/03\/bespoke-furnishing-in-pigmented-ash-226x180.jpg 226w, https:\/\/gustafs.com\/wp-content\/uploads\/2022\/03\/bespoke-furnishing-in-pigmented-ash.jpg 1290w\" sizes=\"auto, (max-width: 1024px) 100vw, 1024px\" \/><\/figure>\n<\/div>\n\n\n\n<div class=\"wp-block-column is-layout-flow wp-block-column-is-layout-flow\">\n<figure class=\"wp-block-image size-large\"><img loading=\"lazy\" decoding=\"async\" width=\"1024\" height=\"818\" src=\"https:\/\/gustafs.com\/wp-content\/uploads\/2022\/03\/lunch-room-teak-panels-1024x818.jpg\" alt=\"Lunch room with teak wall panels\" class=\"wp-image-5460\" srcset=\"https:\/\/gustafs.com\/wp-content\/uploads\/2022\/03\/lunch-room-teak-panels-1024x818.jpg 1024w, https:\/\/gustafs.com\/wp-content\/uploads\/2022\/03\/lunch-room-teak-panels-300x240.jpg 300w, https:\/\/gustafs.com\/wp-content\/uploads\/2022\/03\/lunch-room-teak-panels-768x613.jpg 768w, https:\/\/gustafs.com\/wp-content\/uploads\/2022\/03\/lunch-room-teak-panels-380x305.jpg 380w, https:\/\/gustafs.com\/wp-content\/uploads\/2022\/03\/lunch-room-teak-panels-845x675.jpg 845w, https:\/\/gustafs.com\/wp-content\/uploads\/2022\/03\/lunch-room-teak-panels-635x507.jpg 635w, https:\/\/gustafs.com\/wp-content\/uploads\/2022\/03\/lunch-room-teak-panels-1270x1014.jpg 1270w, https:\/\/gustafs.com\/wp-content\/uploads\/2022\/03\/lunch-room-teak-panels-575x459.jpg 575w, https:\/\/gustafs.com\/wp-content\/uploads\/2022\/03\/lunch-room-teak-panels-1150x918.jpg 1150w, https:\/\/gustafs.com\/wp-content\/uploads\/2022\/03\/lunch-room-teak-panels-485x387.jpg 485w, https:\/\/gustafs.com\/wp-content\/uploads\/2022\/03\/lunch-room-teak-panels-970x774.jpg 970w, https:\/\/gustafs.com\/wp-content\/uploads\/2022\/03\/lunch-room-teak-panels-435x347.jpg 435w, https:\/\/gustafs.com\/wp-content\/uploads\/2022\/03\/lunch-room-teak-panels-870x695.jpg 870w, https:\/\/gustafs.com\/wp-content\/uploads\/2022\/03\/lunch-room-teak-panels-415x331.jpg 415w, https:\/\/gustafs.com\/wp-content\/uploads\/2022\/03\/lunch-room-teak-panels-830x663.jpg 830w, https:\/\/gustafs.com\/wp-content\/uploads\/2022\/03\/lunch-room-teak-panels-395x315.jpg 395w, https:\/\/gustafs.com\/wp-content\/uploads\/2022\/03\/lunch-room-teak-panels-790x631.jpg 790w, https:\/\/gustafs.com\/wp-content\/uploads\/2022\/03\/lunch-room-teak-panels-363x290.jpg 363w, https:\/\/gustafs.com\/wp-content\/uploads\/2022\/03\/lunch-room-teak-panels-726x580.jpg 726w, https:\/\/gustafs.com\/wp-content\/uploads\/2022\/03\/lunch-room-teak-panels-275x220.jpg 275w, https:\/\/gustafs.com\/wp-content\/uploads\/2022\/03\/lunch-room-teak-panels-550x439.jpg 550w, https:\/\/gustafs.com\/wp-content\/uploads\/2022\/03\/lunch-room-teak-panels-273x218.jpg 273w, https:\/\/gustafs.com\/wp-content\/uploads\/2022\/03\/lunch-room-teak-panels-546x436.jpg 546w, https:\/\/gustafs.com\/wp-content\/uploads\/2022\/03\/lunch-room-teak-panels-183x146.jpg 183w, https:\/\/gustafs.com\/wp-content\/uploads\/2022\/03\/lunch-room-teak-panels-366x292.jpg 366w, https:\/\/gustafs.com\/wp-content\/uploads\/2022\/03\/lunch-room-teak-panels-113x90.jpg 113w, https:\/\/gustafs.com\/wp-content\/uploads\/2022\/03\/lunch-room-teak-panels-226x180.jpg 226w, https:\/\/gustafs.com\/wp-content\/uploads\/2022\/03\/lunch-room-teak-panels.jpg 1290w\" sizes=\"auto, (max-width: 1024px) 100vw, 1024px\" \/><\/figure>\n<\/div>\n\n\n\n<div class=\"wp-block-column is-layout-flow wp-block-column-is-layout-flow\">\n<figure class=\"wp-block-image size-large\"><img loading=\"lazy\" decoding=\"async\" width=\"1024\" height=\"818\" src=\"https:\/\/gustafs.com\/wp-content\/uploads\/2022\/03\/openness-city-council-auditorium-1024x818.jpg\" alt=\"Open and transperent interior in city council auditorium\" class=\"wp-image-5462\" srcset=\"https:\/\/gustafs.com\/wp-content\/uploads\/2022\/03\/openness-city-council-auditorium-1024x818.jpg 1024w, https:\/\/gustafs.com\/wp-content\/uploads\/2022\/03\/openness-city-council-auditorium-300x240.jpg 300w, https:\/\/gustafs.com\/wp-content\/uploads\/2022\/03\/openness-city-council-auditorium-768x613.jpg 768w, https:\/\/gustafs.com\/wp-content\/uploads\/2022\/03\/openness-city-council-auditorium-380x305.jpg 380w, https:\/\/gustafs.com\/wp-content\/uploads\/2022\/03\/openness-city-council-auditorium-845x675.jpg 845w, https:\/\/gustafs.com\/wp-content\/uploads\/2022\/03\/openness-city-council-auditorium-635x507.jpg 635w, https:\/\/gustafs.com\/wp-content\/uploads\/2022\/03\/openness-city-council-auditorium-1270x1014.jpg 1270w, https:\/\/gustafs.com\/wp-content\/uploads\/2022\/03\/openness-city-council-auditorium-575x459.jpg 575w, https:\/\/gustafs.com\/wp-content\/uploads\/2022\/03\/openness-city-council-auditorium-1150x918.jpg 1150w, https:\/\/gustafs.com\/wp-content\/uploads\/2022\/03\/openness-city-council-auditorium-485x387.jpg 485w, https:\/\/gustafs.com\/wp-content\/uploads\/2022\/03\/openness-city-council-auditorium-970x774.jpg 970w, https:\/\/gustafs.com\/wp-content\/uploads\/2022\/03\/openness-city-council-auditorium-435x347.jpg 435w, https:\/\/gustafs.com\/wp-content\/uploads\/2022\/03\/openness-city-council-auditorium-870x695.jpg 870w, https:\/\/gustafs.com\/wp-content\/uploads\/2022\/03\/openness-city-council-auditorium-415x331.jpg 415w, https:\/\/gustafs.com\/wp-content\/uploads\/2022\/03\/openness-city-council-auditorium-830x663.jpg 830w, https:\/\/gustafs.com\/wp-content\/uploads\/2022\/03\/openness-city-council-auditorium-395x315.jpg 395w, https:\/\/gustafs.com\/wp-content\/uploads\/2022\/03\/openness-city-council-auditorium-790x631.jpg 790w, https:\/\/gustafs.com\/wp-content\/uploads\/2022\/03\/openness-city-council-auditorium-363x290.jpg 363w, https:\/\/gustafs.com\/wp-content\/uploads\/2022\/03\/openness-city-council-auditorium-726x580.jpg 726w, https:\/\/gustafs.com\/wp-content\/uploads\/2022\/03\/openness-city-council-auditorium-275x220.jpg 275w, https:\/\/gustafs.com\/wp-content\/uploads\/2022\/03\/openness-city-council-auditorium-550x439.jpg 550w, https:\/\/gustafs.com\/wp-content\/uploads\/2022\/03\/openness-city-council-auditorium-273x218.jpg 273w, https:\/\/gustafs.com\/wp-content\/uploads\/2022\/03\/openness-city-council-auditorium-546x436.jpg 546w, https:\/\/gustafs.com\/wp-content\/uploads\/2022\/03\/openness-city-council-auditorium-183x146.jpg 183w, https:\/\/gustafs.com\/wp-content\/uploads\/2022\/03\/openness-city-council-auditorium-366x292.jpg 366w, https:\/\/gustafs.com\/wp-content\/uploads\/2022\/03\/openness-city-council-auditorium-113x90.jpg 113w, https:\/\/gustafs.com\/wp-content\/uploads\/2022\/03\/openness-city-council-auditorium-226x180.jpg 226w, https:\/\/gustafs.com\/wp-content\/uploads\/2022\/03\/openness-city-council-auditorium.jpg 1290w\" sizes=\"auto, (max-width: 1024px) 100vw, 1024px\" \/><\/figure>\n<\/div>\n<\/div>\n\n\n\n<p><\/p>\n","protected":false},"excerpt":{"rendered":"<p>Skr\u00e4ddarsydd inredning till Uppsala Stadshus<\/p>\n","protected":false},"featured_media":5459,"comment_status":"closed","ping_status":"closed","template":"","project-product":[279,280,287],"project-installation":[289],"project-veneer":[290,304],"project-surface":[334],"project-country":[316],"project-sector":[321,325,329],"class_list":["post-13296","projects","type-projects","status-publish","has-post-thumbnail","hentry","project-product-akustikpanel-nano","project-product-akustikpanel-runda","project-product-icke-perforerad-panel","project-installation-vagg","project-veneer-askfaner","project-veneer-teakfaner","project-surface-pigmenterat-faner","project-country-sverige","project-sector-atrium-sv","project-sector-kontor","project-sector-myndighetsbyggnad"],"acf":[],"yoast_head":"<!-- This site is optimized with the Yoast SEO plugin v25.4 - https:\/\/yoast.com\/wordpress\/plugins\/seo\/ -->\n<title>Custom-made furnishings for city hall | Gustafs Scandinavia<\/title>\n<meta name=\"description\" content=\"The open and bright spaces in Uppsala City Hall are made up of white-pigmented panels and custom-made furnishings from Gustafs.\" \/>\n<meta name=\"robots\" content=\"index, follow, max-snippet:-1, max-image-preview:large, max-video-preview:-1\" \/>\n<link rel=\"canonical\" href=\"https:\/\/gustafs.com\/sv\/projects\/furnishing-town-hall\/\" \/>\n<meta property=\"og:locale\" content=\"sv_SE\" \/>\n<meta property=\"og:type\" content=\"article\" \/>\n<meta property=\"og:title\" content=\"Custom-made furnishings for city hall | Gustafs Scandinavia\" \/>\n<meta property=\"og:description\" content=\"The open and bright spaces in Uppsala City Hall are made up of white-pigmented panels and custom-made furnishings from Gustafs.\" \/>\n<meta property=\"og:url\" content=\"https:\/\/gustafs.com\/sv\/projects\/furnishing-town-hall\/\" \/>\n<meta property=\"og:site_name\" content=\"Gustafs Scandinavia\" \/>\n<meta property=\"article:modified_time\" content=\"2023-05-11T14:44:41+00:00\" \/>\n<meta property=\"og:image\" content=\"https:\/\/gustafs.com\/wp-content\/uploads\/2022\/03\/city-council-open-auditorium.jpg\" \/>\n\t<meta property=\"og:image:width\" content=\"1290\" \/>\n\t<meta property=\"og:image:height\" content=\"1030\" \/>\n\t<meta property=\"og:image:type\" content=\"image\/jpeg\" \/>\n<meta name=\"twitter:card\" content=\"summary_large_image\" \/>\n<meta name=\"twitter:label1\" content=\"Ber\u00e4knad l\u00e4stid\" \/>\n\t<meta name=\"twitter:data1\" content=\"1 minut\" \/>\n<script type=\"application\/ld+json\" class=\"yoast-schema-graph\">{\"@context\":\"https:\/\/schema.org\",\"@graph\":[{\"@type\":\"WebPage\",\"@id\":\"https:\/\/gustafs.com\/sv\/projects\/furnishing-town-hall\/\",\"url\":\"https:\/\/gustafs.com\/sv\/projects\/furnishing-town-hall\/\",\"name\":\"Custom-made furnishings for city hall | Gustafs Scandinavia\",\"isPartOf\":{\"@id\":\"https:\/\/gustafs.com\/sv\/#website\"},\"primaryImageOfPage\":{\"@id\":\"https:\/\/gustafs.com\/sv\/projects\/furnishing-town-hall\/#primaryimage\"},\"image\":{\"@id\":\"https:\/\/gustafs.com\/sv\/projects\/furnishing-town-hall\/#primaryimage\"},\"thumbnailUrl\":\"https:\/\/gustafs.com\/wp-content\/uploads\/2022\/03\/city-council-open-auditorium.jpg\",\"datePublished\":\"2022-03-30T13:11:44+00:00\",\"dateModified\":\"2023-05-11T14:44:41+00:00\",\"description\":\"The open and bright spaces in Uppsala City Hall are made up of white-pigmented panels and custom-made furnishings from Gustafs.\",\"breadcrumb\":{\"@id\":\"https:\/\/gustafs.com\/sv\/projects\/furnishing-town-hall\/#breadcrumb\"},\"inLanguage\":\"sv-SE\",\"potentialAction\":[{\"@type\":\"ReadAction\",\"target\":[\"https:\/\/gustafs.com\/sv\/projects\/furnishing-town-hall\/\"]}]},{\"@type\":\"ImageObject\",\"inLanguage\":\"sv-SE\",\"@id\":\"https:\/\/gustafs.com\/sv\/projects\/furnishing-town-hall\/#primaryimage\",\"url\":\"https:\/\/gustafs.com\/wp-content\/uploads\/2022\/03\/city-council-open-auditorium.jpg\",\"contentUrl\":\"https:\/\/gustafs.com\/wp-content\/uploads\/2022\/03\/city-council-open-auditorium.jpg\",\"width\":1290,\"height\":1030,\"caption\":\"City council auditorium with bespoke furnitures\"},{\"@type\":\"BreadcrumbList\",\"@id\":\"https:\/\/gustafs.com\/sv\/projects\/furnishing-town-hall\/#breadcrumb\",\"itemListElement\":[{\"@type\":\"ListItem\",\"position\":1,\"name\":\"Gustafs\",\"item\":\"https:\/\/gustafs.com\/sv\/\"},{\"@type\":\"ListItem\",\"position\":2,\"name\":\"Uppsala Stadshus\"}]},{\"@type\":\"WebSite\",\"@id\":\"https:\/\/gustafs.com\/sv\/#website\",\"url\":\"https:\/\/gustafs.com\/sv\/\",\"name\":\"Gustafs Scandinavia\",\"description\":\"Exclusive Wooden Panels And Acoustic Panels\",\"potentialAction\":[{\"@type\":\"SearchAction\",\"target\":{\"@type\":\"EntryPoint\",\"urlTemplate\":\"https:\/\/gustafs.com\/sv\/?s={search_term_string}\"},\"query-input\":{\"@type\":\"PropertyValueSpecification\",\"valueRequired\":true,\"valueName\":\"search_term_string\"}}],\"inLanguage\":\"sv-SE\"}]}<\/script>\n<!-- \/ Yoast SEO plugin. -->","yoast_head_json":{"title":"Custom-made furnishings for city hall | Gustafs Scandinavia","description":"The open and bright spaces in Uppsala City Hall are made up of white-pigmented panels and custom-made furnishings from Gustafs.","robots":{"index":"index","follow":"follow","max-snippet":"max-snippet:-1","max-image-preview":"max-image-preview:large","max-video-preview":"max-video-preview:-1"},"canonical":"https:\/\/gustafs.com\/sv\/projects\/furnishing-town-hall\/","og_locale":"sv_SE","og_type":"article","og_title":"Custom-made furnishings for city hall | Gustafs Scandinavia","og_description":"The open and bright spaces in Uppsala City Hall are made up of white-pigmented panels and custom-made furnishings from Gustafs.","og_url":"https:\/\/gustafs.com\/sv\/projects\/furnishing-town-hall\/","og_site_name":"Gustafs Scandinavia","article_modified_time":"2023-05-11T14:44:41+00:00","og_image":[{"width":1290,"height":1030,"url":"https:\/\/gustafs.com\/wp-content\/uploads\/2022\/03\/city-council-open-auditorium.jpg","type":"image\/jpeg"}],"twitter_card":"summary_large_image","twitter_misc":{"Ber\u00e4knad l\u00e4stid":"1 minut"},"schema":{"@context":"https:\/\/schema.org","@graph":[{"@type":"WebPage","@id":"https:\/\/gustafs.com\/sv\/projects\/furnishing-town-hall\/","url":"https:\/\/gustafs.com\/sv\/projects\/furnishing-town-hall\/","name":"Custom-made furnishings for city hall | Gustafs Scandinavia","isPartOf":{"@id":"https:\/\/gustafs.com\/sv\/#website"},"primaryImageOfPage":{"@id":"https:\/\/gustafs.com\/sv\/projects\/furnishing-town-hall\/#primaryimage"},"image":{"@id":"https:\/\/gustafs.com\/sv\/projects\/furnishing-town-hall\/#primaryimage"},"thumbnailUrl":"https:\/\/gustafs.com\/wp-content\/uploads\/2022\/03\/city-council-open-auditorium.jpg","datePublished":"2022-03-30T13:11:44+00:00","dateModified":"2023-05-11T14:44:41+00:00","description":"The open and bright spaces in Uppsala City Hall are made up of white-pigmented panels and custom-made furnishings from Gustafs.","breadcrumb":{"@id":"https:\/\/gustafs.com\/sv\/projects\/furnishing-town-hall\/#breadcrumb"},"inLanguage":"sv-SE","potentialAction":[{"@type":"ReadAction","target":["https:\/\/gustafs.com\/sv\/projects\/furnishing-town-hall\/"]}]},{"@type":"ImageObject","inLanguage":"sv-SE","@id":"https:\/\/gustafs.com\/sv\/projects\/furnishing-town-hall\/#primaryimage","url":"https:\/\/gustafs.com\/wp-content\/uploads\/2022\/03\/city-council-open-auditorium.jpg","contentUrl":"https:\/\/gustafs.com\/wp-content\/uploads\/2022\/03\/city-council-open-auditorium.jpg","width":1290,"height":1030,"caption":"City council auditorium with bespoke furnitures"},{"@type":"BreadcrumbList","@id":"https:\/\/gustafs.com\/sv\/projects\/furnishing-town-hall\/#breadcrumb","itemListElement":[{"@type":"ListItem","position":1,"name":"Gustafs","item":"https:\/\/gustafs.com\/sv\/"},{"@type":"ListItem","position":2,"name":"Uppsala Stadshus"}]},{"@type":"WebSite","@id":"https:\/\/gustafs.com\/sv\/#website","url":"https:\/\/gustafs.com\/sv\/","name":"Gustafs Scandinavia","description":"Exclusive Wooden Panels And Acoustic Panels","potentialAction":[{"@type":"SearchAction","target":{"@type":"EntryPoint","urlTemplate":"https:\/\/gustafs.com\/sv\/?s={search_term_string}"},"query-input":{"@type":"PropertyValueSpecification","valueRequired":true,"valueName":"search_term_string"}}],"inLanguage":"sv-SE"}]}},"_links":{"self":[{"href":"https:\/\/gustafs.com\/sv\/wp-json\/wp\/v2\/projects\/13296","targetHints":{"allow":["GET"]}}],"collection":[{"href":"https:\/\/gustafs.com\/sv\/wp-json\/wp\/v2\/projects"}],"about":[{"href":"https:\/\/gustafs.com\/sv\/wp-json\/wp\/v2\/types\/projects"}],"replies":[{"embeddable":true,"href":"https:\/\/gustafs.com\/sv\/wp-json\/wp\/v2\/comments?post=13296"}],"wp:featuredmedia":[{"embeddable":true,"href":"https:\/\/gustafs.com\/sv\/wp-json\/wp\/v2\/media\/5459"}],"wp:attachment":[{"href":"https:\/\/gustafs.com\/sv\/wp-json\/wp\/v2\/media?parent=13296"}],"wp:term":[{"taxonomy":"project-product","embeddable":true,"href":"https:\/\/gustafs.com\/sv\/wp-json\/wp\/v2\/project-product?post=13296"},{"taxonomy":"project-installation","embeddable":true,"href":"https:\/\/gustafs.com\/sv\/wp-json\/wp\/v2\/project-installation?post=13296"},{"taxonomy":"project-veneer","embeddable":true,"href":"https:\/\/gustafs.com\/sv\/wp-json\/wp\/v2\/project-veneer?post=13296"},{"taxonomy":"project-surface","embeddable":true,"href":"https:\/\/gustafs.com\/sv\/wp-json\/wp\/v2\/project-surface?post=13296"},{"taxonomy":"project-country","embeddable":true,"href":"https:\/\/gustafs.com\/sv\/wp-json\/wp\/v2\/project-country?post=13296"},{"taxonomy":"project-sector","embeddable":true,"href":"https:\/\/gustafs.com\/sv\/wp-json\/wp\/v2\/project-sector?post=13296"}],"curies":[{"name":"wp","href":"https:\/\/api.w.org\/{rel}","templated":true}]}}