{"id":10954,"date":"2013-03-07T12:05:00","date_gmt":"2013-03-07T12:05:00","guid":{"rendered":"https:\/\/gustafs.com\/projects\/kulturhuset-spira\/"},"modified":"2022-12-05T14:13:10","modified_gmt":"2022-12-05T14:13:10","slug":"kulturhuset-spira","status":"publish","type":"projects","link":"https:\/\/gustafs.com\/sv\/projects\/kulturhuset-spira\/","title":{"rendered":"Kulturhuset Spira"},"content":{"rendered":"\n<h1 class=\"wp-block-heading\">Kulturhus med tr\u00e4paneler<\/h1>\n\n\n\n<section class=\"image-plus-text\">\n    <div class=\"container\">\n        <div class=\"row\">\n            \n            <div class=\"col-md-6 col-left col-image\">\n                                                        <div class=\"image \">\n                        <img decoding=\"async\"\n                            src=\"https:\/\/gustafs.com\/wp-content\/uploads\/2022\/03\/culture-centre-foyer-645x810.jpg\"\n                            alt=\"\"\n                            srcset=\"https:\/\/gustafs.com\/wp-content\/uploads\/2022\/03\/culture-centre-foyer-240x300.jpg 240w, https:\/\/gustafs.com\/wp-content\/uploads\/2022\/03\/culture-centre-foyer-818x1024.jpg 818w, https:\/\/gustafs.com\/wp-content\/uploads\/2022\/03\/culture-centre-foyer-768x962.jpg 768w, https:\/\/gustafs.com\/wp-content\/uploads\/2022\/03\/culture-centre-foyer-720x900.jpg 720w, https:\/\/gustafs.com\/wp-content\/uploads\/2022\/03\/culture-centre-foyer-645x810.jpg 645w, https:\/\/gustafs.com\/wp-content\/uploads\/2022\/03\/culture-centre-foyer-380x475.jpg 380w, https:\/\/gustafs.com\/wp-content\/uploads\/2022\/03\/culture-centre-foyer.jpg 1030w\"\n                            sizes=\"\n                                                        (min-width: 1440px) 635px,\n                            (min-width: 1400px) 575px,\n                            (min-width: 1200px) 485px,\n                            (min-width: 992px) 395px,\n                            (min-width: 768px) 275px,\n                            100vw\n                                                        \"\n                        >\n                    <\/div>\n                                                                                            <div class=\"content-wrapper\">\n                                    <\/div>              \n            <\/div>\n            \n            <div class=\"col-md-6 col-right col-text\">\n                                <div class=\"content-wrapper\">\n                                                                    <div class=\"title\">LOBBY I VITPIGMENTERAD FURU<\/div>\n                                                <div class=\"content\">\n                                                        <div class=\"text font-13px\"><p>Gustafspaneler t\u00e4cker m\u00e5nga ytor av Kulturhuset Spira i J\u00f6nk\u00f6ping, som har designats av Wing\u00e5rdhs Arkitektkontor. Amerikansk l\u00f6nn omsluter den stora konserthallen med sina 860 sittplatser och teatern \u00e4r bekl\u00e4dd med gr\u00f6nbetsad ek. Till lobbyn har arkitekterna f\u00f6reskrivit vitpigmenterad furu.<\/p>\n<\/div>\n                                                                                <\/div>\n                                    <\/div>              \n            <\/div>\n            \n        <\/div>\n    <\/div>\n<\/section>\n\n\n\n<section class=\"image-plus-text\">\n    <div class=\"container\">\n        <div class=\"row\">\n            \n            <div class=\"col-md-6 col-left col-text\">\n                                <div class=\"content-wrapper\">\n                                                                    <div class=\"title\">L\u00d6NN OCH BETSAD EK<\/div>\n                                                <div class=\"content\">\n                                                        <div class=\"text font-13px\"><p>F\u00f6r att optimera den akustiska diffusionen och reflektionen i lokalerna har designen av interi\u00f6ren mer eller mindre utel\u00e4mnat r\u00e4ta vinklar, n\u00e5got som gjorde installationen av v\u00e5ra paneler till en unik utmaning. V\u00e5ra specialiserade mont\u00f6rer s\u00e4kerst\u00e4llde att de unika panelerna installerades med millimeterprecision. Spira har lovordats f\u00f6r sin magnifika akustik som erbjuder bes\u00f6karna en of\u00f6rgl\u00f6mlig upplevelse, till gl\u00e4dje f\u00f6r den l\u00e5nga listan av internationella musiker och artister som upptr\u00e4tt i konserthallen.<\/p>\n<\/div>\n                                                                                <\/div>\n                                    <\/div>              \n            <\/div>\n            \n            <div class=\"col-md-6 col-right col-image\">\n                                                        <div class=\"image \">\n                        <img decoding=\"async\"\n                            src=\"https:\/\/gustafs.com\/wp-content\/uploads\/2022\/03\/main-concert-hall-spira-culture-centre-645x810.jpg\"\n                            alt=\"\"\n                            srcset=\"https:\/\/gustafs.com\/wp-content\/uploads\/2022\/03\/main-concert-hall-spira-culture-centre-240x300.jpg 240w, https:\/\/gustafs.com\/wp-content\/uploads\/2022\/03\/main-concert-hall-spira-culture-centre-818x1024.jpg 818w, https:\/\/gustafs.com\/wp-content\/uploads\/2022\/03\/main-concert-hall-spira-culture-centre-768x962.jpg 768w, https:\/\/gustafs.com\/wp-content\/uploads\/2022\/03\/main-concert-hall-spira-culture-centre-720x900.jpg 720w, https:\/\/gustafs.com\/wp-content\/uploads\/2022\/03\/main-concert-hall-spira-culture-centre-645x810.jpg 645w, https:\/\/gustafs.com\/wp-content\/uploads\/2022\/03\/main-concert-hall-spira-culture-centre-380x475.jpg 380w, https:\/\/gustafs.com\/wp-content\/uploads\/2022\/03\/main-concert-hall-spira-culture-centre.jpg 1030w\"\n                            sizes=\"\n                                                        (min-width: 1440px) 635px,\n                            (min-width: 1400px) 575px,\n                            (min-width: 1200px) 485px,\n                            (min-width: 992px) 395px,\n                            (min-width: 768px) 275px,\n                            100vw\n                                                        \"\n                        >\n                    <\/div>\n                                                                                            <div class=\"content-wrapper\">\n                                    <\/div>              \n            <\/div>\n            \n        <\/div>\n    <\/div>\n<\/section>\n\n\n\n<section class=\"image-plus-text\">\n    <div class=\"container\">\n        <div class=\"row\">\n            \n            <div class=\"col-md-6 col-left col-image\">\n                                                        <div class=\"image \">\n                        <img decoding=\"async\"\n                            src=\"https:\/\/gustafs.com\/wp-content\/uploads\/2022\/03\/mapel-clad-concert-hall-645x810.jpg\"\n                            alt=\"\"\n                            srcset=\"https:\/\/gustafs.com\/wp-content\/uploads\/2022\/03\/mapel-clad-concert-hall-240x300.jpg 240w, https:\/\/gustafs.com\/wp-content\/uploads\/2022\/03\/mapel-clad-concert-hall-818x1024.jpg 818w, https:\/\/gustafs.com\/wp-content\/uploads\/2022\/03\/mapel-clad-concert-hall-768x962.jpg 768w, https:\/\/gustafs.com\/wp-content\/uploads\/2022\/03\/mapel-clad-concert-hall-720x900.jpg 720w, https:\/\/gustafs.com\/wp-content\/uploads\/2022\/03\/mapel-clad-concert-hall-645x810.jpg 645w, https:\/\/gustafs.com\/wp-content\/uploads\/2022\/03\/mapel-clad-concert-hall-380x475.jpg 380w, https:\/\/gustafs.com\/wp-content\/uploads\/2022\/03\/mapel-clad-concert-hall.jpg 1030w\"\n                            sizes=\"\n                                                        (min-width: 1440px) 635px,\n                            (min-width: 1400px) 575px,\n                            (min-width: 1200px) 485px,\n                            (min-width: 992px) 395px,\n                            (min-width: 768px) 275px,\n                            100vw\n                                                        \"\n                        >\n                    <\/div>\n                                                                                            <div class=\"content-wrapper\">\n                                    <\/div>              \n            <\/div>\n            \n            <div class=\"col-md-6 col-right col-text\">\n                                <div class=\"content-wrapper\">\n                                                                    <div class=\"title\">MER L\u00c4SNING &#038; DETALJER<\/div>\n                                                <div class=\"content\">\n                                                        <div class=\"text font-13px\"><h4>Den totala upplevelsen av Kulturhuset Spira \u2013 tio \u00e5r senare<\/h4>\n<p>Vi pratade med Gert Wing\u00e5rdh om Kulturhuset Spira, som firar ett decennium av of\u00f6rgl\u00f6mliga akustiska f\u00f6rest\u00e4llningar i sina fyra scenkonstlokaler. Vi utforskade hur centret \u00e4r en allomfattande upplevelse, med en konserthall inspirerad av svensk folklore.<\/p>\n<p><a href=\"https:\/\/gustafs.com\/sv\/stories\/spira-culture-centre\/\">L\u00e4s ber\u00e4ttelsen<\/a><\/p>\n<p>Arkitekt: Wing\u00e5rdhs arkitektkontor<\/p>\n<p>Akustiker: Akustikon<\/p>\n<p>Installation: Gustafs<\/p>\n<p>Foto: \u00c5ke E:son Lidman &amp; Gustafs<\/p>\n<\/div>\n                                                                                    <ul class=\"links\">\n                                                                                                <li><a href=\"https:\/\/gustafs.com\/sv\/produkt\/trapaneler\/\" target=\"\">Produkt: Tr\u00e4paneler<\/a><\/li>\n                                                                                                <li><a href=\"https:\/\/gustafs.com\/sv\/knowledge-hub\/ytor\/trafaner-nature\/\" target=\"\">Fan\u00e9r: Furu, l\u00f6nn &#038; betsad ek<\/a><\/li>\n                                                                                                <li><a href=\"\/sv\/knowledge-hub\/fire-safety\/\" target=\"\">Brandklass: A2-s1,d0<\/a><\/li>\n                                                            <\/ul>\n                                                    <\/div>\n                                    <\/div>              \n            <\/div>\n            \n        <\/div>\n    <\/div>\n<\/section>\n\n\n\n<div class=\"wp-block-columns is-layout-flex wp-container-core-columns-is-layout-9d6595d7 wp-block-columns-is-layout-flex\">\n<div class=\"wp-block-column is-layout-flow wp-block-column-is-layout-flow\">\n<figure class=\"wp-block-image size-large\"><img loading=\"lazy\" decoding=\"async\" width=\"1024\" height=\"818\" src=\"https:\/\/gustafs.com\/wp-content\/uploads\/2022\/03\/spira-theatre-green-panels-1024x818.jpg\" alt=\"Spiras teater med gr\u00f6na paneler\" class=\"wp-image-4373\" srcset=\"https:\/\/gustafs.com\/wp-content\/uploads\/2022\/03\/spira-theatre-green-panels-1024x818.jpg 1024w, https:\/\/gustafs.com\/wp-content\/uploads\/2022\/03\/spira-theatre-green-panels-300x240.jpg 300w, https:\/\/gustafs.com\/wp-content\/uploads\/2022\/03\/spira-theatre-green-panels-768x613.jpg 768w, https:\/\/gustafs.com\/wp-content\/uploads\/2022\/03\/spira-theatre-green-panels-380x305.jpg 380w, https:\/\/gustafs.com\/wp-content\/uploads\/2022\/03\/spira-theatre-green-panels-845x675.jpg 845w, https:\/\/gustafs.com\/wp-content\/uploads\/2022\/03\/spira-theatre-green-panels-635x507.jpg 635w, https:\/\/gustafs.com\/wp-content\/uploads\/2022\/03\/spira-theatre-green-panels-1270x1014.jpg 1270w, https:\/\/gustafs.com\/wp-content\/uploads\/2022\/03\/spira-theatre-green-panels-575x459.jpg 575w, https:\/\/gustafs.com\/wp-content\/uploads\/2022\/03\/spira-theatre-green-panels-1150x918.jpg 1150w, https:\/\/gustafs.com\/wp-content\/uploads\/2022\/03\/spira-theatre-green-panels-485x387.jpg 485w, https:\/\/gustafs.com\/wp-content\/uploads\/2022\/03\/spira-theatre-green-panels-970x774.jpg 970w, https:\/\/gustafs.com\/wp-content\/uploads\/2022\/03\/spira-theatre-green-panels-435x347.jpg 435w, https:\/\/gustafs.com\/wp-content\/uploads\/2022\/03\/spira-theatre-green-panels-870x695.jpg 870w, https:\/\/gustafs.com\/wp-content\/uploads\/2022\/03\/spira-theatre-green-panels-415x331.jpg 415w, https:\/\/gustafs.com\/wp-content\/uploads\/2022\/03\/spira-theatre-green-panels-830x663.jpg 830w, https:\/\/gustafs.com\/wp-content\/uploads\/2022\/03\/spira-theatre-green-panels-395x315.jpg 395w, https:\/\/gustafs.com\/wp-content\/uploads\/2022\/03\/spira-theatre-green-panels-790x631.jpg 790w, https:\/\/gustafs.com\/wp-content\/uploads\/2022\/03\/spira-theatre-green-panels-363x290.jpg 363w, https:\/\/gustafs.com\/wp-content\/uploads\/2022\/03\/spira-theatre-green-panels-726x580.jpg 726w, https:\/\/gustafs.com\/wp-content\/uploads\/2022\/03\/spira-theatre-green-panels-275x220.jpg 275w, https:\/\/gustafs.com\/wp-content\/uploads\/2022\/03\/spira-theatre-green-panels-550x439.jpg 550w, https:\/\/gustafs.com\/wp-content\/uploads\/2022\/03\/spira-theatre-green-panels-273x218.jpg 273w, https:\/\/gustafs.com\/wp-content\/uploads\/2022\/03\/spira-theatre-green-panels-546x436.jpg 546w, https:\/\/gustafs.com\/wp-content\/uploads\/2022\/03\/spira-theatre-green-panels-183x146.jpg 183w, https:\/\/gustafs.com\/wp-content\/uploads\/2022\/03\/spira-theatre-green-panels-366x292.jpg 366w, https:\/\/gustafs.com\/wp-content\/uploads\/2022\/03\/spira-theatre-green-panels-113x90.jpg 113w, https:\/\/gustafs.com\/wp-content\/uploads\/2022\/03\/spira-theatre-green-panels-226x180.jpg 226w, https:\/\/gustafs.com\/wp-content\/uploads\/2022\/03\/spira-theatre-green-panels.jpg 1290w\" sizes=\"auto, (max-width: 1024px) 100vw, 1024px\" \/><\/figure>\n<\/div>\n\n\n\n<div class=\"wp-block-column is-layout-flow wp-block-column-is-layout-flow\">\n<figure class=\"wp-block-image size-large\"><img loading=\"lazy\" decoding=\"async\" width=\"1024\" height=\"818\" src=\"https:\/\/gustafs.com\/wp-content\/uploads\/2022\/03\/main-concert-hall-spira-1024x818.jpg\" alt=\"Den stora konserthallen i Kulturhuset Spira\" class=\"wp-image-4365\" srcset=\"https:\/\/gustafs.com\/wp-content\/uploads\/2022\/03\/main-concert-hall-spira-1024x818.jpg 1024w, https:\/\/gustafs.com\/wp-content\/uploads\/2022\/03\/main-concert-hall-spira-300x240.jpg 300w, https:\/\/gustafs.com\/wp-content\/uploads\/2022\/03\/main-concert-hall-spira-768x613.jpg 768w, https:\/\/gustafs.com\/wp-content\/uploads\/2022\/03\/main-concert-hall-spira-380x305.jpg 380w, https:\/\/gustafs.com\/wp-content\/uploads\/2022\/03\/main-concert-hall-spira-845x675.jpg 845w, https:\/\/gustafs.com\/wp-content\/uploads\/2022\/03\/main-concert-hall-spira-635x507.jpg 635w, https:\/\/gustafs.com\/wp-content\/uploads\/2022\/03\/main-concert-hall-spira-1270x1014.jpg 1270w, https:\/\/gustafs.com\/wp-content\/uploads\/2022\/03\/main-concert-hall-spira-575x459.jpg 575w, https:\/\/gustafs.com\/wp-content\/uploads\/2022\/03\/main-concert-hall-spira-1150x918.jpg 1150w, https:\/\/gustafs.com\/wp-content\/uploads\/2022\/03\/main-concert-hall-spira-485x387.jpg 485w, https:\/\/gustafs.com\/wp-content\/uploads\/2022\/03\/main-concert-hall-spira-970x774.jpg 970w, https:\/\/gustafs.com\/wp-content\/uploads\/2022\/03\/main-concert-hall-spira-435x347.jpg 435w, https:\/\/gustafs.com\/wp-content\/uploads\/2022\/03\/main-concert-hall-spira-870x695.jpg 870w, https:\/\/gustafs.com\/wp-content\/uploads\/2022\/03\/main-concert-hall-spira-415x331.jpg 415w, https:\/\/gustafs.com\/wp-content\/uploads\/2022\/03\/main-concert-hall-spira-830x663.jpg 830w, https:\/\/gustafs.com\/wp-content\/uploads\/2022\/03\/main-concert-hall-spira-395x315.jpg 395w, https:\/\/gustafs.com\/wp-content\/uploads\/2022\/03\/main-concert-hall-spira-790x631.jpg 790w, https:\/\/gustafs.com\/wp-content\/uploads\/2022\/03\/main-concert-hall-spira-363x290.jpg 363w, https:\/\/gustafs.com\/wp-content\/uploads\/2022\/03\/main-concert-hall-spira-726x580.jpg 726w, https:\/\/gustafs.com\/wp-content\/uploads\/2022\/03\/main-concert-hall-spira-275x220.jpg 275w, https:\/\/gustafs.com\/wp-content\/uploads\/2022\/03\/main-concert-hall-spira-550x439.jpg 550w, https:\/\/gustafs.com\/wp-content\/uploads\/2022\/03\/main-concert-hall-spira-273x218.jpg 273w, https:\/\/gustafs.com\/wp-content\/uploads\/2022\/03\/main-concert-hall-spira-546x436.jpg 546w, https:\/\/gustafs.com\/wp-content\/uploads\/2022\/03\/main-concert-hall-spira-183x146.jpg 183w, https:\/\/gustafs.com\/wp-content\/uploads\/2022\/03\/main-concert-hall-spira-366x292.jpg 366w, https:\/\/gustafs.com\/wp-content\/uploads\/2022\/03\/main-concert-hall-spira-113x90.jpg 113w, https:\/\/gustafs.com\/wp-content\/uploads\/2022\/03\/main-concert-hall-spira-226x180.jpg 226w, https:\/\/gustafs.com\/wp-content\/uploads\/2022\/03\/main-concert-hall-spira.jpg 1290w\" sizes=\"auto, (max-width: 1024px) 100vw, 1024px\" \/><\/figure>\n<\/div>\n\n\n\n<div class=\"wp-block-column is-layout-flow wp-block-column-is-layout-flow\">\n<figure class=\"wp-block-image size-large\"><img loading=\"lazy\" decoding=\"async\" width=\"1024\" height=\"818\" src=\"https:\/\/gustafs.com\/wp-content\/uploads\/2022\/03\/maple-veneered-acoustic-panels-1024x818.jpg\" alt=\"Akustikpaneler med l\u00f6nnfan\u00e9r\" class=\"wp-image-4371\" srcset=\"https:\/\/gustafs.com\/wp-content\/uploads\/2022\/03\/maple-veneered-acoustic-panels-1024x818.jpg 1024w, https:\/\/gustafs.com\/wp-content\/uploads\/2022\/03\/maple-veneered-acoustic-panels-300x240.jpg 300w, https:\/\/gustafs.com\/wp-content\/uploads\/2022\/03\/maple-veneered-acoustic-panels-768x613.jpg 768w, https:\/\/gustafs.com\/wp-content\/uploads\/2022\/03\/maple-veneered-acoustic-panels-380x305.jpg 380w, https:\/\/gustafs.com\/wp-content\/uploads\/2022\/03\/maple-veneered-acoustic-panels-845x675.jpg 845w, https:\/\/gustafs.com\/wp-content\/uploads\/2022\/03\/maple-veneered-acoustic-panels-635x507.jpg 635w, https:\/\/gustafs.com\/wp-content\/uploads\/2022\/03\/maple-veneered-acoustic-panels-1270x1014.jpg 1270w, https:\/\/gustafs.com\/wp-content\/uploads\/2022\/03\/maple-veneered-acoustic-panels-575x459.jpg 575w, https:\/\/gustafs.com\/wp-content\/uploads\/2022\/03\/maple-veneered-acoustic-panels-1150x918.jpg 1150w, https:\/\/gustafs.com\/wp-content\/uploads\/2022\/03\/maple-veneered-acoustic-panels-485x387.jpg 485w, https:\/\/gustafs.com\/wp-content\/uploads\/2022\/03\/maple-veneered-acoustic-panels-970x774.jpg 970w, https:\/\/gustafs.com\/wp-content\/uploads\/2022\/03\/maple-veneered-acoustic-panels-435x347.jpg 435w, https:\/\/gustafs.com\/wp-content\/uploads\/2022\/03\/maple-veneered-acoustic-panels-870x695.jpg 870w, https:\/\/gustafs.com\/wp-content\/uploads\/2022\/03\/maple-veneered-acoustic-panels-415x331.jpg 415w, https:\/\/gustafs.com\/wp-content\/uploads\/2022\/03\/maple-veneered-acoustic-panels-830x663.jpg 830w, https:\/\/gustafs.com\/wp-content\/uploads\/2022\/03\/maple-veneered-acoustic-panels-395x315.jpg 395w, https:\/\/gustafs.com\/wp-content\/uploads\/2022\/03\/maple-veneered-acoustic-panels-790x631.jpg 790w, https:\/\/gustafs.com\/wp-content\/uploads\/2022\/03\/maple-veneered-acoustic-panels-363x290.jpg 363w, https:\/\/gustafs.com\/wp-content\/uploads\/2022\/03\/maple-veneered-acoustic-panels-726x580.jpg 726w, https:\/\/gustafs.com\/wp-content\/uploads\/2022\/03\/maple-veneered-acoustic-panels-275x220.jpg 275w, https:\/\/gustafs.com\/wp-content\/uploads\/2022\/03\/maple-veneered-acoustic-panels-550x439.jpg 550w, https:\/\/gustafs.com\/wp-content\/uploads\/2022\/03\/maple-veneered-acoustic-panels-273x218.jpg 273w, https:\/\/gustafs.com\/wp-content\/uploads\/2022\/03\/maple-veneered-acoustic-panels-546x436.jpg 546w, https:\/\/gustafs.com\/wp-content\/uploads\/2022\/03\/maple-veneered-acoustic-panels-183x146.jpg 183w, https:\/\/gustafs.com\/wp-content\/uploads\/2022\/03\/maple-veneered-acoustic-panels-366x292.jpg 366w, https:\/\/gustafs.com\/wp-content\/uploads\/2022\/03\/maple-veneered-acoustic-panels-113x90.jpg 113w, https:\/\/gustafs.com\/wp-content\/uploads\/2022\/03\/maple-veneered-acoustic-panels-226x180.jpg 226w, https:\/\/gustafs.com\/wp-content\/uploads\/2022\/03\/maple-veneered-acoustic-panels.jpg 1290w\" sizes=\"auto, (max-width: 1024px) 100vw, 1024px\" \/><\/figure>\n<\/div>\n<\/div>\n","protected":false},"excerpt":{"rendered":"<p>Kulturhus med tr\u00e4paneler<\/p>\n","protected":false},"featured_media":4366,"comment_status":"closed","ping_status":"closed","template":"","project-product":[287],"project-installation":[288,289],"project-veneer":[300,302,299],"project-surface":[334],"project-country":[316],"project-sector":[324,323],"class_list":["post-10954","projects","type-projects","status-publish","has-post-thumbnail","hentry","project-product-icke-perforerad-panel","project-installation-undertak","project-installation-vagg","project-veneer-ekfaner","project-veneer-furufaner","project-veneer-lonnfaner","project-surface-pigmenterat-faner","project-country-sverige","project-sector-entre","project-sector-konserthall"],"acf":[],"yoast_head":"<!-- This site is optimized with the Yoast SEO plugin v25.4 - https:\/\/yoast.com\/wordpress\/plugins\/seo\/ -->\n<title>Kulturhuset Spira med tr\u00e4paneler | Gustafs Scandinavia<\/title>\n<meta name=\"description\" content=\"Kulturhuset Spira \u00e4r kl\u00e4tt med Gustafs-paneler f\u00f6r att uppn\u00e5 b\u00e4sta m\u00f6jliga akustik f\u00f6r publiken. Designat av Wing\u00e5rdhs.\" \/>\n<meta name=\"robots\" content=\"index, follow, max-snippet:-1, max-image-preview:large, max-video-preview:-1\" \/>\n<link rel=\"canonical\" href=\"https:\/\/gustafs.com\/sv\/projects\/kulturhuset-spira\/\" \/>\n<meta property=\"og:locale\" content=\"sv_SE\" \/>\n<meta property=\"og:type\" content=\"article\" \/>\n<meta property=\"og:title\" content=\"Kulturhuset Spira med tr\u00e4paneler | Gustafs Scandinavia\" \/>\n<meta property=\"og:description\" content=\"Kulturhuset Spira \u00e4r kl\u00e4tt med Gustafs-paneler f\u00f6r att uppn\u00e5 b\u00e4sta m\u00f6jliga akustik f\u00f6r publiken. Designat av Wing\u00e5rdhs.\" \/>\n<meta property=\"og:url\" content=\"https:\/\/gustafs.com\/sv\/projects\/kulturhuset-spira\/\" \/>\n<meta property=\"og:site_name\" content=\"Gustafs Scandinavia\" \/>\n<meta property=\"article:modified_time\" content=\"2022-12-05T14:13:10+00:00\" \/>\n<meta property=\"og:image\" content=\"https:\/\/gustafs.com\/wp-content\/uploads\/2022\/03\/main-concert-hall-spira.jpg\" \/>\n\t<meta property=\"og:image:width\" content=\"1290\" \/>\n\t<meta property=\"og:image:height\" content=\"1030\" \/>\n\t<meta property=\"og:image:type\" content=\"image\/jpeg\" \/>\n<meta name=\"twitter:card\" content=\"summary_large_image\" \/>\n<meta name=\"twitter:label1\" content=\"Ber\u00e4knad l\u00e4stid\" \/>\n\t<meta name=\"twitter:data1\" content=\"1 minut\" \/>\n<script type=\"application\/ld+json\" class=\"yoast-schema-graph\">{\"@context\":\"https:\/\/schema.org\",\"@graph\":[{\"@type\":\"WebPage\",\"@id\":\"https:\/\/gustafs.com\/sv\/projects\/kulturhuset-spira\/\",\"url\":\"https:\/\/gustafs.com\/sv\/projects\/kulturhuset-spira\/\",\"name\":\"Kulturhuset Spira med tr\u00e4paneler | Gustafs Scandinavia\",\"isPartOf\":{\"@id\":\"https:\/\/gustafs.com\/sv\/#website\"},\"primaryImageOfPage\":{\"@id\":\"https:\/\/gustafs.com\/sv\/projects\/kulturhuset-spira\/#primaryimage\"},\"image\":{\"@id\":\"https:\/\/gustafs.com\/sv\/projects\/kulturhuset-spira\/#primaryimage\"},\"thumbnailUrl\":\"https:\/\/gustafs.com\/wp-content\/uploads\/2022\/03\/main-concert-hall-spira.jpg\",\"datePublished\":\"2013-03-07T12:05:00+00:00\",\"dateModified\":\"2022-12-05T14:13:10+00:00\",\"description\":\"Kulturhuset Spira \u00e4r kl\u00e4tt med Gustafs-paneler f\u00f6r att uppn\u00e5 b\u00e4sta m\u00f6jliga akustik f\u00f6r publiken. Designat av Wing\u00e5rdhs.\",\"breadcrumb\":{\"@id\":\"https:\/\/gustafs.com\/sv\/projects\/kulturhuset-spira\/#breadcrumb\"},\"inLanguage\":\"sv-SE\",\"potentialAction\":[{\"@type\":\"ReadAction\",\"target\":[\"https:\/\/gustafs.com\/sv\/projects\/kulturhuset-spira\/\"]}]},{\"@type\":\"ImageObject\",\"inLanguage\":\"sv-SE\",\"@id\":\"https:\/\/gustafs.com\/sv\/projects\/kulturhuset-spira\/#primaryimage\",\"url\":\"https:\/\/gustafs.com\/wp-content\/uploads\/2022\/03\/main-concert-hall-spira.jpg\",\"contentUrl\":\"https:\/\/gustafs.com\/wp-content\/uploads\/2022\/03\/main-concert-hall-spira.jpg\",\"width\":1290,\"height\":1030,\"caption\":\"Den stora konserthallen i Kulturhuset Spira\"},{\"@type\":\"BreadcrumbList\",\"@id\":\"https:\/\/gustafs.com\/sv\/projects\/kulturhuset-spira\/#breadcrumb\",\"itemListElement\":[{\"@type\":\"ListItem\",\"position\":1,\"name\":\"Gustafs\",\"item\":\"https:\/\/gustafs.com\/sv\/\"},{\"@type\":\"ListItem\",\"position\":2,\"name\":\"Kulturhuset Spira\"}]},{\"@type\":\"WebSite\",\"@id\":\"https:\/\/gustafs.com\/sv\/#website\",\"url\":\"https:\/\/gustafs.com\/sv\/\",\"name\":\"Gustafs Scandinavia\",\"description\":\"Exclusive Wooden Panels And Acoustic Panels\",\"potentialAction\":[{\"@type\":\"SearchAction\",\"target\":{\"@type\":\"EntryPoint\",\"urlTemplate\":\"https:\/\/gustafs.com\/sv\/?s={search_term_string}\"},\"query-input\":{\"@type\":\"PropertyValueSpecification\",\"valueRequired\":true,\"valueName\":\"search_term_string\"}}],\"inLanguage\":\"sv-SE\"}]}<\/script>\n<!-- \/ Yoast SEO plugin. -->","yoast_head_json":{"title":"Kulturhuset Spira med tr\u00e4paneler | Gustafs Scandinavia","description":"Kulturhuset Spira \u00e4r kl\u00e4tt med Gustafs-paneler f\u00f6r att uppn\u00e5 b\u00e4sta m\u00f6jliga akustik f\u00f6r publiken. Designat av Wing\u00e5rdhs.","robots":{"index":"index","follow":"follow","max-snippet":"max-snippet:-1","max-image-preview":"max-image-preview:large","max-video-preview":"max-video-preview:-1"},"canonical":"https:\/\/gustafs.com\/sv\/projects\/kulturhuset-spira\/","og_locale":"sv_SE","og_type":"article","og_title":"Kulturhuset Spira med tr\u00e4paneler | Gustafs Scandinavia","og_description":"Kulturhuset Spira \u00e4r kl\u00e4tt med Gustafs-paneler f\u00f6r att uppn\u00e5 b\u00e4sta m\u00f6jliga akustik f\u00f6r publiken. Designat av Wing\u00e5rdhs.","og_url":"https:\/\/gustafs.com\/sv\/projects\/kulturhuset-spira\/","og_site_name":"Gustafs Scandinavia","article_modified_time":"2022-12-05T14:13:10+00:00","og_image":[{"width":1290,"height":1030,"url":"https:\/\/gustafs.com\/wp-content\/uploads\/2022\/03\/main-concert-hall-spira.jpg","type":"image\/jpeg"}],"twitter_card":"summary_large_image","twitter_misc":{"Ber\u00e4knad l\u00e4stid":"1 minut"},"schema":{"@context":"https:\/\/schema.org","@graph":[{"@type":"WebPage","@id":"https:\/\/gustafs.com\/sv\/projects\/kulturhuset-spira\/","url":"https:\/\/gustafs.com\/sv\/projects\/kulturhuset-spira\/","name":"Kulturhuset Spira med tr\u00e4paneler | Gustafs Scandinavia","isPartOf":{"@id":"https:\/\/gustafs.com\/sv\/#website"},"primaryImageOfPage":{"@id":"https:\/\/gustafs.com\/sv\/projects\/kulturhuset-spira\/#primaryimage"},"image":{"@id":"https:\/\/gustafs.com\/sv\/projects\/kulturhuset-spira\/#primaryimage"},"thumbnailUrl":"https:\/\/gustafs.com\/wp-content\/uploads\/2022\/03\/main-concert-hall-spira.jpg","datePublished":"2013-03-07T12:05:00+00:00","dateModified":"2022-12-05T14:13:10+00:00","description":"Kulturhuset Spira \u00e4r kl\u00e4tt med Gustafs-paneler f\u00f6r att uppn\u00e5 b\u00e4sta m\u00f6jliga akustik f\u00f6r publiken. Designat av Wing\u00e5rdhs.","breadcrumb":{"@id":"https:\/\/gustafs.com\/sv\/projects\/kulturhuset-spira\/#breadcrumb"},"inLanguage":"sv-SE","potentialAction":[{"@type":"ReadAction","target":["https:\/\/gustafs.com\/sv\/projects\/kulturhuset-spira\/"]}]},{"@type":"ImageObject","inLanguage":"sv-SE","@id":"https:\/\/gustafs.com\/sv\/projects\/kulturhuset-spira\/#primaryimage","url":"https:\/\/gustafs.com\/wp-content\/uploads\/2022\/03\/main-concert-hall-spira.jpg","contentUrl":"https:\/\/gustafs.com\/wp-content\/uploads\/2022\/03\/main-concert-hall-spira.jpg","width":1290,"height":1030,"caption":"Den stora konserthallen i Kulturhuset Spira"},{"@type":"BreadcrumbList","@id":"https:\/\/gustafs.com\/sv\/projects\/kulturhuset-spira\/#breadcrumb","itemListElement":[{"@type":"ListItem","position":1,"name":"Gustafs","item":"https:\/\/gustafs.com\/sv\/"},{"@type":"ListItem","position":2,"name":"Kulturhuset Spira"}]},{"@type":"WebSite","@id":"https:\/\/gustafs.com\/sv\/#website","url":"https:\/\/gustafs.com\/sv\/","name":"Gustafs Scandinavia","description":"Exclusive Wooden Panels And Acoustic Panels","potentialAction":[{"@type":"SearchAction","target":{"@type":"EntryPoint","urlTemplate":"https:\/\/gustafs.com\/sv\/?s={search_term_string}"},"query-input":{"@type":"PropertyValueSpecification","valueRequired":true,"valueName":"search_term_string"}}],"inLanguage":"sv-SE"}]}},"_links":{"self":[{"href":"https:\/\/gustafs.com\/sv\/wp-json\/wp\/v2\/projects\/10954","targetHints":{"allow":["GET"]}}],"collection":[{"href":"https:\/\/gustafs.com\/sv\/wp-json\/wp\/v2\/projects"}],"about":[{"href":"https:\/\/gustafs.com\/sv\/wp-json\/wp\/v2\/types\/projects"}],"replies":[{"embeddable":true,"href":"https:\/\/gustafs.com\/sv\/wp-json\/wp\/v2\/comments?post=10954"}],"wp:featuredmedia":[{"embeddable":true,"href":"https:\/\/gustafs.com\/sv\/wp-json\/wp\/v2\/media\/4366"}],"wp:attachment":[{"href":"https:\/\/gustafs.com\/sv\/wp-json\/wp\/v2\/media?parent=10954"}],"wp:term":[{"taxonomy":"project-product","embeddable":true,"href":"https:\/\/gustafs.com\/sv\/wp-json\/wp\/v2\/project-product?post=10954"},{"taxonomy":"project-installation","embeddable":true,"href":"https:\/\/gustafs.com\/sv\/wp-json\/wp\/v2\/project-installation?post=10954"},{"taxonomy":"project-veneer","embeddable":true,"href":"https:\/\/gustafs.com\/sv\/wp-json\/wp\/v2\/project-veneer?post=10954"},{"taxonomy":"project-surface","embeddable":true,"href":"https:\/\/gustafs.com\/sv\/wp-json\/wp\/v2\/project-surface?post=10954"},{"taxonomy":"project-country","embeddable":true,"href":"https:\/\/gustafs.com\/sv\/wp-json\/wp\/v2\/project-country?post=10954"},{"taxonomy":"project-sector","embeddable":true,"href":"https:\/\/gustafs.com\/sv\/wp-json\/wp\/v2\/project-sector?post=10954"}],"curies":[{"name":"wp","href":"https:\/\/api.w.org\/{rel}","templated":true}]}}