{"id":8454,"date":"2022-04-28T11:54:30","date_gmt":"2022-04-28T11:54:30","guid":{"rendered":"https:\/\/gustafs.com\/academy\/ytor\/veneer-joining-techniques\/"},"modified":"2026-02-25T08:32:32","modified_gmt":"2026-02-25T07:32:32","slug":"fanerlaggning","status":"publish","type":"academy","link":"https:\/\/gustafs.com\/sv\/knowledge-hub\/ytor\/fanerlaggning\/","title":{"rendered":"Fan\u00e9r &#8211; l\u00e4ggning &amp; sk\u00e4rning"},"content":{"rendered":"\n<h1 class=\"wp-block-heading\">Fan\u00e9rl\u00e4ggning<\/h1>\n\n\n\n<section class=\"image-plus-text\">\n    <div class=\"container\">\n        <div class=\"row\">\n            \n            <div class=\"col-md-6 col-left col-text\">\n                                <div class=\"content-wrapper\">\n                                                                    <div class=\"title\">FAN\u00c9RL\u00c4GGNING<\/div>\n                                                <div class=\"content\">\n                                                        <div class=\"text font-16px\"><h2>Gustafs Selected<\/h2>\n<p style=\"font-size: 14px;\">Denna teknik m\u00f6jligg\u00f6r en mer slumpm\u00e4ssig anv\u00e4ndning av fanerpartier och rekommenderas f\u00f6r st\u00f6rre v\u00e4ggar och tak. Vi anv\u00e4nder plan- och halvplansskurna fan\u00e9rblad som \u00e4r delade och omv\u00e4nt matchade. Denna metod s\u00e4kerst\u00e4ller ett livfullt men samtidigt harmoniskt enhetligt utseende \u00f6ver hela bekl\u00e4dnaden. Naturliga f\u00e4rgvariationerna f\u00f6rekommer inom enskilda paneler, men helhetsk\u00e4nslan f\u00f6r hela v\u00e4ggen eller taket blir j\u00e4mn. Dessutom f\u00f6renklar den installationen genom att minska behovet av planering p\u00e5 plats.<\/p>\n<p style=\"font-size: 14px;\">\n\u2013 Utdragen och omv\u00e4nd l\u00e4ggning<br \/>\n\u2013 Plan- och halvplanskuret fan\u00e9r<br \/>\n\u2013 Varierande antal blad per panel och order (3 till 6\/600 mm)<br \/>\n\u2013 Utvalt f\u00f6r att passa till st\u00f6rre ytor<\/p>\n<p>&nbsp;<\/p>\n<p><a href=\"https:\/\/gustafs.com\/wp-content\/uploads\/2022\/04\/veneer-ash-selected-1.jpg\"><img decoding=\"async\" class=\"\" src=\"https:\/\/gustafs.com\/wp-content\/uploads\/2022\/04\/veneer-joint-techniques-selected-ash.jpg\" alt=\"\" width=\"150\" height=\"\" \/><\/a> <a href=\"https:\/\/gustafs.com\/wp-content\/uploads\/2022\/04\/veneer-oak-selected-1.jpg\"><img decoding=\"async\" src=\"https:\/\/gustafs.com\/wp-content\/uploads\/2022\/04\/veneer-joint-techniques-selected-oak.jpg\" alt=\"\" width=\"150\" height=\"\" \/><\/a><\/p>\n<p style=\"font-size: 14px;\">Exempel p\u00e5 Gustafs selection med ask respektive ekfaner.<\/p>\n<\/div>\n                                                                                <\/div>\n                                    <\/div>              \n            <\/div>\n            \n            <div class=\"col-md-6 col-right col-image\">\n                                                        <div class=\"image has-modal\">\n                        <img decoding=\"async\"\n                            src=\"https:\/\/gustafs.com\/wp-content\/uploads\/2022\/04\/veneer-walnut-easy-645x810.jpg\"\n                            alt=\"\"\n                            srcset=\"https:\/\/gustafs.com\/wp-content\/uploads\/2022\/04\/veneer-walnut-easy-240x300.jpg 240w, https:\/\/gustafs.com\/wp-content\/uploads\/2022\/04\/veneer-walnut-easy-818x1024.jpg 818w, https:\/\/gustafs.com\/wp-content\/uploads\/2022\/04\/veneer-walnut-easy-768x962.jpg 768w, https:\/\/gustafs.com\/wp-content\/uploads\/2022\/04\/veneer-walnut-easy-720x900.jpg 720w, https:\/\/gustafs.com\/wp-content\/uploads\/2022\/04\/veneer-walnut-easy-645x810.jpg 645w, https:\/\/gustafs.com\/wp-content\/uploads\/2022\/04\/veneer-walnut-easy-380x475.jpg 380w, https:\/\/gustafs.com\/wp-content\/uploads\/2022\/04\/veneer-walnut-easy-845x1058.jpg 845w, https:\/\/gustafs.com\/wp-content\/uploads\/2022\/04\/veneer-walnut-easy-415x520.jpg 415w, https:\/\/gustafs.com\/wp-content\/uploads\/2022\/04\/veneer-walnut-easy-830x1040.jpg 830w, https:\/\/gustafs.com\/wp-content\/uploads\/2022\/04\/veneer-walnut-easy-363x455.jpg 363w, https:\/\/gustafs.com\/wp-content\/uploads\/2022\/04\/veneer-walnut-easy-726x909.jpg 726w, https:\/\/gustafs.com\/wp-content\/uploads\/2022\/04\/veneer-walnut-easy-273x342.jpg 273w, https:\/\/gustafs.com\/wp-content\/uploads\/2022\/04\/veneer-walnut-easy-546x684.jpg 546w, https:\/\/gustafs.com\/wp-content\/uploads\/2022\/04\/veneer-walnut-easy-183x229.jpg 183w, https:\/\/gustafs.com\/wp-content\/uploads\/2022\/04\/veneer-walnut-easy-366x458.jpg 366w, https:\/\/gustafs.com\/wp-content\/uploads\/2022\/04\/veneer-walnut-easy-113x142.jpg 113w, https:\/\/gustafs.com\/wp-content\/uploads\/2022\/04\/veneer-walnut-easy-226x283.jpg 226w, https:\/\/gustafs.com\/wp-content\/uploads\/2022\/04\/veneer-walnut-easy.jpg 1030w\"\n                            sizes=\"\n                                                        (min-width: 1440px) 635px,\n                            (min-width: 1400px) 575px,\n                            (min-width: 1200px) 485px,\n                            (min-width: 992px) 395px,\n                            (min-width: 768px) 275px,\n                            100vw\n                                                        \"\n                        >\n                    <\/div>\n                                                            <div class=\"modal\">\n                        <div class=\"close\"><\/div>\n                        <img decoding=\"async\"\n                            src=\"https:\/\/gustafs.com\/wp-content\/uploads\/2022\/04\/veneer-walnut-easy-mix-1-av-1-1-scaled.jpg\"\n                            alt=\"\"\n                            srcset=\"https:\/\/gustafs.com\/wp-content\/uploads\/2022\/04\/veneer-walnut-easy-mix-1-av-1-1-300x142.jpg 300w, https:\/\/gustafs.com\/wp-content\/uploads\/2022\/04\/veneer-walnut-easy-mix-1-av-1-1-1024x484.jpg 1024w, https:\/\/gustafs.com\/wp-content\/uploads\/2022\/04\/veneer-walnut-easy-mix-1-av-1-1-768x363.jpg 768w, https:\/\/gustafs.com\/wp-content\/uploads\/2022\/04\/veneer-walnut-easy-mix-1-av-1-1-1536x726.jpg 1536w, https:\/\/gustafs.com\/wp-content\/uploads\/2022\/04\/veneer-walnut-easy-mix-1-av-1-1-2048x968.jpg 2048w, https:\/\/gustafs.com\/wp-content\/uploads\/2022\/04\/veneer-walnut-easy-mix-1-av-1-1-845x399.jpg 845w, https:\/\/gustafs.com\/wp-content\/uploads\/2022\/04\/veneer-walnut-easy-mix-1-av-1-1-1690x799.jpg 1690w, https:\/\/gustafs.com\/wp-content\/uploads\/2022\/04\/veneer-walnut-easy-mix-1-av-1-1-415x196.jpg 415w, https:\/\/gustafs.com\/wp-content\/uploads\/2022\/04\/veneer-walnut-easy-mix-1-av-1-1-830x392.jpg 830w, https:\/\/gustafs.com\/wp-content\/uploads\/2022\/04\/veneer-walnut-easy-mix-1-av-1-1-363x172.jpg 363w, https:\/\/gustafs.com\/wp-content\/uploads\/2022\/04\/veneer-walnut-easy-mix-1-av-1-1-726x343.jpg 726w, https:\/\/gustafs.com\/wp-content\/uploads\/2022\/04\/veneer-walnut-easy-mix-1-av-1-1-273x129.jpg 273w, https:\/\/gustafs.com\/wp-content\/uploads\/2022\/04\/veneer-walnut-easy-mix-1-av-1-1-546x258.jpg 546w, https:\/\/gustafs.com\/wp-content\/uploads\/2022\/04\/veneer-walnut-easy-mix-1-av-1-1-183x86.jpg 183w, https:\/\/gustafs.com\/wp-content\/uploads\/2022\/04\/veneer-walnut-easy-mix-1-av-1-1-366x173.jpg 366w, https:\/\/gustafs.com\/wp-content\/uploads\/2022\/04\/veneer-walnut-easy-mix-1-av-1-1-113x53.jpg 113w, https:\/\/gustafs.com\/wp-content\/uploads\/2022\/04\/veneer-walnut-easy-mix-1-av-1-1-226x107.jpg 226w\"\n                            sizes=\"\n                            (min-width: 900px) 845px,\n                            100vw\"\n                        >\n                    <\/div>\n                    <div class=\"modal-overlay\"><\/div>\n                                                                        <div class=\"content-wrapper\">\n                                    <\/div>              \n            <\/div>\n            \n        <\/div>\n    <\/div>\n<\/section>\n\n\n\n<div style=\"height:100px\" aria-hidden=\"true\" class=\"wp-block-spacer\"><\/div>\n\n\n\n<section class=\"image-plus-text-left-right has-left-column has-right-column\">\n    <div class=\"container\">\n        <div class=\"row\">\n            \n            <div class=\"col-md-6 col-left\">\n                                <div class=\"image has-modal\">\n                    <img decoding=\"async\" src=\"https:\/\/gustafs.com\/wp-content\/uploads\/2022\/02\/carlsberg-office-wood-panelling-380x475.jpg\" alt=\"\" srcset=\"https:\/\/gustafs.com\/wp-content\/uploads\/2022\/02\/carlsberg-office-wood-panelling-240x300.jpg 240w, https:\/\/gustafs.com\/wp-content\/uploads\/2022\/02\/carlsberg-office-wood-panelling-818x1024.jpg 818w, https:\/\/gustafs.com\/wp-content\/uploads\/2022\/02\/carlsberg-office-wood-panelling-768x962.jpg 768w, https:\/\/gustafs.com\/wp-content\/uploads\/2022\/02\/carlsberg-office-wood-panelling-720x900.jpg 720w, https:\/\/gustafs.com\/wp-content\/uploads\/2022\/02\/carlsberg-office-wood-panelling-645x810.jpg 645w, https:\/\/gustafs.com\/wp-content\/uploads\/2022\/02\/carlsberg-office-wood-panelling-380x475.jpg 380w, https:\/\/gustafs.com\/wp-content\/uploads\/2022\/02\/carlsberg-office-wood-panelling.jpg 1030w\">\n                <\/div>\n                                                <div class=\"modal\">\n                    <div class=\"close\"><\/div>\n                    <img decoding=\"async\" src=\"https:\/\/gustafs.com\/wp-content\/uploads\/2022\/02\/carlsberg-office-wood-panelling.jpg\" alt=\"\" srcset=\"https:\/\/gustafs.com\/wp-content\/uploads\/2022\/02\/carlsberg-office-wood-panelling-240x300.jpg 240w, https:\/\/gustafs.com\/wp-content\/uploads\/2022\/02\/carlsberg-office-wood-panelling-818x1024.jpg 818w, https:\/\/gustafs.com\/wp-content\/uploads\/2022\/02\/carlsberg-office-wood-panelling-768x962.jpg 768w, https:\/\/gustafs.com\/wp-content\/uploads\/2022\/02\/carlsberg-office-wood-panelling-720x900.jpg 720w, https:\/\/gustafs.com\/wp-content\/uploads\/2022\/02\/carlsberg-office-wood-panelling-645x810.jpg 645w, https:\/\/gustafs.com\/wp-content\/uploads\/2022\/02\/carlsberg-office-wood-panelling-380x475.jpg 380w, https:\/\/gustafs.com\/wp-content\/uploads\/2022\/02\/carlsberg-office-wood-panelling.jpg 1030w\">\n                <\/div>\n                <div class=\"modal-overlay\"><\/div>\n                                                <div class=\"content-wrapper\">\n                    <div class=\"title\">SMOKED OAK<\/div>\n                    <div class=\"content\">\n                                                <div class=\"text font-13px\"><p style=\"font-size: 11px;\">PROJEKT:<br \/>\nCarlsberg huvudkontor<\/p>\n<p style=\"font-size: 11px;\">PRODUKT:<br \/>\nNano Panel<\/p>\n<\/div>\n                                             \n                                            <\/div>\n                <\/div>                  \n            <\/div>\n            \n            <div class=\"col-md-6 col-right\">\n                           \n                <div class=\"image has-modal\">\n                    <img decoding=\"async\" src=\"https:\/\/gustafs.com\/wp-content\/uploads\/2022\/03\/oak-brass-panels-concert-hall-cladding-380x475.jpg\" alt=\"\" srcset=\"https:\/\/gustafs.com\/wp-content\/uploads\/2022\/03\/oak-brass-panels-concert-hall-cladding-240x300.jpg 240w, https:\/\/gustafs.com\/wp-content\/uploads\/2022\/03\/oak-brass-panels-concert-hall-cladding-818x1024.jpg 818w, https:\/\/gustafs.com\/wp-content\/uploads\/2022\/03\/oak-brass-panels-concert-hall-cladding-768x962.jpg 768w, https:\/\/gustafs.com\/wp-content\/uploads\/2022\/03\/oak-brass-panels-concert-hall-cladding-720x900.jpg 720w, https:\/\/gustafs.com\/wp-content\/uploads\/2022\/03\/oak-brass-panels-concert-hall-cladding-645x810.jpg 645w, https:\/\/gustafs.com\/wp-content\/uploads\/2022\/03\/oak-brass-panels-concert-hall-cladding-380x475.jpg 380w, https:\/\/gustafs.com\/wp-content\/uploads\/2022\/03\/oak-brass-panels-concert-hall-cladding.jpg 1030w\">\n                <\/div>\n                                                <div class=\"modal\">\n                    <div class=\"close\"><\/div>\n                    <img decoding=\"async\" src=\"https:\/\/gustafs.com\/wp-content\/uploads\/2022\/03\/oak-brass-panels-concert-hall-cladding.jpg\" alt=\"\" srcset=\"https:\/\/gustafs.com\/wp-content\/uploads\/2022\/03\/oak-brass-panels-concert-hall-cladding-240x300.jpg 240w, https:\/\/gustafs.com\/wp-content\/uploads\/2022\/03\/oak-brass-panels-concert-hall-cladding-818x1024.jpg 818w, https:\/\/gustafs.com\/wp-content\/uploads\/2022\/03\/oak-brass-panels-concert-hall-cladding-768x962.jpg 768w, https:\/\/gustafs.com\/wp-content\/uploads\/2022\/03\/oak-brass-panels-concert-hall-cladding-720x900.jpg 720w, https:\/\/gustafs.com\/wp-content\/uploads\/2022\/03\/oak-brass-panels-concert-hall-cladding-645x810.jpg 645w, https:\/\/gustafs.com\/wp-content\/uploads\/2022\/03\/oak-brass-panels-concert-hall-cladding-380x475.jpg 380w, https:\/\/gustafs.com\/wp-content\/uploads\/2022\/03\/oak-brass-panels-concert-hall-cladding.jpg 1030w\">\n                <\/div>\n                <div class=\"modal-overlay\"><\/div>\n                                                <div class=\"content-wrapper\">\n                    <div class=\"title\">EK<\/div>\n                    <div class=\"content\">\n                                                <div class=\"text font-13px\"><p style=\"font-size: 11px;\">PROJEKT:<br \/>\nMalm\u00f6 Live<\/p>\n<p style=\"font-size: 11px;\">PRODUKT:<br \/>\nOperforerad Panel<\/p>\n<p style=\"font-size: 11px;\">\n<\/div>\n                                             \n                                            <\/div>\n                <\/div>              \n            <\/div>\n            \n        <\/div>\n    <\/div>\n<\/section>\n\n\n\n<section class=\"image-plus-text-left-right has-left-column has-right-column\">\n    <div class=\"container\">\n        <div class=\"row\">\n            \n            <div class=\"col-md-6 col-left\">\n                                <div class=\"image has-modal\">\n                    <img decoding=\"async\" src=\"https:\/\/gustafs.com\/wp-content\/uploads\/2022\/04\/politiets-nasjonale-beredskapssenter-selection1-1-380x475.jpg\" alt=\"\" srcset=\"https:\/\/gustafs.com\/wp-content\/uploads\/2022\/04\/politiets-nasjonale-beredskapssenter-selection1-1-240x300.jpg 240w, https:\/\/gustafs.com\/wp-content\/uploads\/2022\/04\/politiets-nasjonale-beredskapssenter-selection1-1-818x1024.jpg 818w, https:\/\/gustafs.com\/wp-content\/uploads\/2022\/04\/politiets-nasjonale-beredskapssenter-selection1-1-768x962.jpg 768w, https:\/\/gustafs.com\/wp-content\/uploads\/2022\/04\/politiets-nasjonale-beredskapssenter-selection1-1-720x900.jpg 720w, https:\/\/gustafs.com\/wp-content\/uploads\/2022\/04\/politiets-nasjonale-beredskapssenter-selection1-1-645x810.jpg 645w, https:\/\/gustafs.com\/wp-content\/uploads\/2022\/04\/politiets-nasjonale-beredskapssenter-selection1-1-380x475.jpg 380w, https:\/\/gustafs.com\/wp-content\/uploads\/2022\/04\/politiets-nasjonale-beredskapssenter-selection1-1-845x1058.jpg 845w, https:\/\/gustafs.com\/wp-content\/uploads\/2022\/04\/politiets-nasjonale-beredskapssenter-selection1-1-635x795.jpg 635w, https:\/\/gustafs.com\/wp-content\/uploads\/2022\/04\/politiets-nasjonale-beredskapssenter-selection1-1-575x720.jpg 575w, https:\/\/gustafs.com\/wp-content\/uploads\/2022\/04\/politiets-nasjonale-beredskapssenter-selection1-1-485x607.jpg 485w, https:\/\/gustafs.com\/wp-content\/uploads\/2022\/04\/politiets-nasjonale-beredskapssenter-selection1-1-970x1215.jpg 970w, https:\/\/gustafs.com\/wp-content\/uploads\/2022\/04\/politiets-nasjonale-beredskapssenter-selection1-1-435x545.jpg 435w, https:\/\/gustafs.com\/wp-content\/uploads\/2022\/04\/politiets-nasjonale-beredskapssenter-selection1-1-870x1090.jpg 870w, https:\/\/gustafs.com\/wp-content\/uploads\/2022\/04\/politiets-nasjonale-beredskapssenter-selection1-1-415x520.jpg 415w, https:\/\/gustafs.com\/wp-content\/uploads\/2022\/04\/politiets-nasjonale-beredskapssenter-selection1-1-830x1040.jpg 830w, https:\/\/gustafs.com\/wp-content\/uploads\/2022\/04\/politiets-nasjonale-beredskapssenter-selection1-1-395x495.jpg 395w, https:\/\/gustafs.com\/wp-content\/uploads\/2022\/04\/politiets-nasjonale-beredskapssenter-selection1-1-790x989.jpg 790w, https:\/\/gustafs.com\/wp-content\/uploads\/2022\/04\/politiets-nasjonale-beredskapssenter-selection1-1-363x455.jpg 363w, https:\/\/gustafs.com\/wp-content\/uploads\/2022\/04\/politiets-nasjonale-beredskapssenter-selection1-1-726x909.jpg 726w, https:\/\/gustafs.com\/wp-content\/uploads\/2022\/04\/politiets-nasjonale-beredskapssenter-selection1-1-275x344.jpg 275w, https:\/\/gustafs.com\/wp-content\/uploads\/2022\/04\/politiets-nasjonale-beredskapssenter-selection1-1-550x689.jpg 550w, https:\/\/gustafs.com\/wp-content\/uploads\/2022\/04\/politiets-nasjonale-beredskapssenter-selection1-1-273x342.jpg 273w, https:\/\/gustafs.com\/wp-content\/uploads\/2022\/04\/politiets-nasjonale-beredskapssenter-selection1-1-546x684.jpg 546w, https:\/\/gustafs.com\/wp-content\/uploads\/2022\/04\/politiets-nasjonale-beredskapssenter-selection1-1-183x229.jpg 183w, https:\/\/gustafs.com\/wp-content\/uploads\/2022\/04\/politiets-nasjonale-beredskapssenter-selection1-1-366x458.jpg 366w, https:\/\/gustafs.com\/wp-content\/uploads\/2022\/04\/politiets-nasjonale-beredskapssenter-selection1-1-113x142.jpg 113w, https:\/\/gustafs.com\/wp-content\/uploads\/2022\/04\/politiets-nasjonale-beredskapssenter-selection1-1-226x283.jpg 226w, https:\/\/gustafs.com\/wp-content\/uploads\/2022\/04\/politiets-nasjonale-beredskapssenter-selection1-1.jpg 1030w\">\n                <\/div>\n                                                <div class=\"modal\">\n                    <div class=\"close\"><\/div>\n                    <img decoding=\"async\" src=\"https:\/\/gustafs.com\/wp-content\/uploads\/2022\/04\/politiets-nasjonale-beredskapssenter-selection-1.jpg\" alt=\"\" srcset=\"https:\/\/gustafs.com\/wp-content\/uploads\/2022\/04\/politiets-nasjonale-beredskapssenter-selection-1-240x300.jpg 240w, https:\/\/gustafs.com\/wp-content\/uploads\/2022\/04\/politiets-nasjonale-beredskapssenter-selection-1-818x1024.jpg 818w, https:\/\/gustafs.com\/wp-content\/uploads\/2022\/04\/politiets-nasjonale-beredskapssenter-selection-1-768x962.jpg 768w, https:\/\/gustafs.com\/wp-content\/uploads\/2022\/04\/politiets-nasjonale-beredskapssenter-selection-1-720x900.jpg 720w, https:\/\/gustafs.com\/wp-content\/uploads\/2022\/04\/politiets-nasjonale-beredskapssenter-selection-1-645x810.jpg 645w, https:\/\/gustafs.com\/wp-content\/uploads\/2022\/04\/politiets-nasjonale-beredskapssenter-selection-1-380x475.jpg 380w, https:\/\/gustafs.com\/wp-content\/uploads\/2022\/04\/politiets-nasjonale-beredskapssenter-selection-1-845x1058.jpg 845w, https:\/\/gustafs.com\/wp-content\/uploads\/2022\/04\/politiets-nasjonale-beredskapssenter-selection-1-635x795.jpg 635w, https:\/\/gustafs.com\/wp-content\/uploads\/2022\/04\/politiets-nasjonale-beredskapssenter-selection-1-575x720.jpg 575w, https:\/\/gustafs.com\/wp-content\/uploads\/2022\/04\/politiets-nasjonale-beredskapssenter-selection-1-485x607.jpg 485w, https:\/\/gustafs.com\/wp-content\/uploads\/2022\/04\/politiets-nasjonale-beredskapssenter-selection-1-970x1215.jpg 970w, https:\/\/gustafs.com\/wp-content\/uploads\/2022\/04\/politiets-nasjonale-beredskapssenter-selection-1-435x545.jpg 435w, https:\/\/gustafs.com\/wp-content\/uploads\/2022\/04\/politiets-nasjonale-beredskapssenter-selection-1-870x1090.jpg 870w, https:\/\/gustafs.com\/wp-content\/uploads\/2022\/04\/politiets-nasjonale-beredskapssenter-selection-1-415x520.jpg 415w, https:\/\/gustafs.com\/wp-content\/uploads\/2022\/04\/politiets-nasjonale-beredskapssenter-selection-1-830x1040.jpg 830w, https:\/\/gustafs.com\/wp-content\/uploads\/2022\/04\/politiets-nasjonale-beredskapssenter-selection-1-395x495.jpg 395w, https:\/\/gustafs.com\/wp-content\/uploads\/2022\/04\/politiets-nasjonale-beredskapssenter-selection-1-790x989.jpg 790w, https:\/\/gustafs.com\/wp-content\/uploads\/2022\/04\/politiets-nasjonale-beredskapssenter-selection-1-363x455.jpg 363w, https:\/\/gustafs.com\/wp-content\/uploads\/2022\/04\/politiets-nasjonale-beredskapssenter-selection-1-726x909.jpg 726w, https:\/\/gustafs.com\/wp-content\/uploads\/2022\/04\/politiets-nasjonale-beredskapssenter-selection-1-275x344.jpg 275w, https:\/\/gustafs.com\/wp-content\/uploads\/2022\/04\/politiets-nasjonale-beredskapssenter-selection-1-550x689.jpg 550w, https:\/\/gustafs.com\/wp-content\/uploads\/2022\/04\/politiets-nasjonale-beredskapssenter-selection-1-273x342.jpg 273w, https:\/\/gustafs.com\/wp-content\/uploads\/2022\/04\/politiets-nasjonale-beredskapssenter-selection-1-546x684.jpg 546w, https:\/\/gustafs.com\/wp-content\/uploads\/2022\/04\/politiets-nasjonale-beredskapssenter-selection-1-183x229.jpg 183w, https:\/\/gustafs.com\/wp-content\/uploads\/2022\/04\/politiets-nasjonale-beredskapssenter-selection-1-366x458.jpg 366w, https:\/\/gustafs.com\/wp-content\/uploads\/2022\/04\/politiets-nasjonale-beredskapssenter-selection-1-113x142.jpg 113w, https:\/\/gustafs.com\/wp-content\/uploads\/2022\/04\/politiets-nasjonale-beredskapssenter-selection-1-226x283.jpg 226w, https:\/\/gustafs.com\/wp-content\/uploads\/2022\/04\/politiets-nasjonale-beredskapssenter-selection-1.jpg 1030w\">\n                <\/div>\n                <div class=\"modal-overlay\"><\/div>\n                                                <div class=\"content-wrapper\">\n                    <div class=\"title\">EK<\/div>\n                    <div class=\"content\">\n                                                <div class=\"text font-13px\"><p style=\"font-size: 11px;\">PROJEKT:<br \/>\nPolitiets Beredskapscenter<\/p>\n<p style=\"font-size: 11px;\">PRODUKT:<br \/>\nOperforerad Panel<\/p>\n<p style=\"font-size: 11px;\">\n<\/div>\n                                             \n                                            <\/div>\n                <\/div>                  \n            <\/div>\n            \n            <div class=\"col-md-6 col-right\">\n                           \n                <div class=\"image has-modal\">\n                    <img decoding=\"async\" src=\"https:\/\/gustafs.com\/wp-content\/uploads\/2022\/04\/politiets-nasjonale-beredskapssenter-selection3-380x475.jpg\" alt=\"\" srcset=\"https:\/\/gustafs.com\/wp-content\/uploads\/2022\/04\/politiets-nasjonale-beredskapssenter-selection3-240x300.jpg 240w, https:\/\/gustafs.com\/wp-content\/uploads\/2022\/04\/politiets-nasjonale-beredskapssenter-selection3-818x1024.jpg 818w, https:\/\/gustafs.com\/wp-content\/uploads\/2022\/04\/politiets-nasjonale-beredskapssenter-selection3-768x962.jpg 768w, https:\/\/gustafs.com\/wp-content\/uploads\/2022\/04\/politiets-nasjonale-beredskapssenter-selection3-720x900.jpg 720w, https:\/\/gustafs.com\/wp-content\/uploads\/2022\/04\/politiets-nasjonale-beredskapssenter-selection3-645x810.jpg 645w, https:\/\/gustafs.com\/wp-content\/uploads\/2022\/04\/politiets-nasjonale-beredskapssenter-selection3-380x475.jpg 380w, https:\/\/gustafs.com\/wp-content\/uploads\/2022\/04\/politiets-nasjonale-beredskapssenter-selection3-845x1058.jpg 845w, https:\/\/gustafs.com\/wp-content\/uploads\/2022\/04\/politiets-nasjonale-beredskapssenter-selection3-635x795.jpg 635w, https:\/\/gustafs.com\/wp-content\/uploads\/2022\/04\/politiets-nasjonale-beredskapssenter-selection3-575x720.jpg 575w, https:\/\/gustafs.com\/wp-content\/uploads\/2022\/04\/politiets-nasjonale-beredskapssenter-selection3-485x607.jpg 485w, https:\/\/gustafs.com\/wp-content\/uploads\/2022\/04\/politiets-nasjonale-beredskapssenter-selection3-970x1215.jpg 970w, https:\/\/gustafs.com\/wp-content\/uploads\/2022\/04\/politiets-nasjonale-beredskapssenter-selection3-435x545.jpg 435w, https:\/\/gustafs.com\/wp-content\/uploads\/2022\/04\/politiets-nasjonale-beredskapssenter-selection3-870x1090.jpg 870w, https:\/\/gustafs.com\/wp-content\/uploads\/2022\/04\/politiets-nasjonale-beredskapssenter-selection3-415x520.jpg 415w, https:\/\/gustafs.com\/wp-content\/uploads\/2022\/04\/politiets-nasjonale-beredskapssenter-selection3-830x1040.jpg 830w, https:\/\/gustafs.com\/wp-content\/uploads\/2022\/04\/politiets-nasjonale-beredskapssenter-selection3-395x495.jpg 395w, https:\/\/gustafs.com\/wp-content\/uploads\/2022\/04\/politiets-nasjonale-beredskapssenter-selection3-790x989.jpg 790w, https:\/\/gustafs.com\/wp-content\/uploads\/2022\/04\/politiets-nasjonale-beredskapssenter-selection3-363x455.jpg 363w, https:\/\/gustafs.com\/wp-content\/uploads\/2022\/04\/politiets-nasjonale-beredskapssenter-selection3-726x909.jpg 726w, https:\/\/gustafs.com\/wp-content\/uploads\/2022\/04\/politiets-nasjonale-beredskapssenter-selection3-275x344.jpg 275w, https:\/\/gustafs.com\/wp-content\/uploads\/2022\/04\/politiets-nasjonale-beredskapssenter-selection3-550x689.jpg 550w, https:\/\/gustafs.com\/wp-content\/uploads\/2022\/04\/politiets-nasjonale-beredskapssenter-selection3-273x342.jpg 273w, https:\/\/gustafs.com\/wp-content\/uploads\/2022\/04\/politiets-nasjonale-beredskapssenter-selection3-546x684.jpg 546w, https:\/\/gustafs.com\/wp-content\/uploads\/2022\/04\/politiets-nasjonale-beredskapssenter-selection3-183x229.jpg 183w, https:\/\/gustafs.com\/wp-content\/uploads\/2022\/04\/politiets-nasjonale-beredskapssenter-selection3-366x458.jpg 366w, https:\/\/gustafs.com\/wp-content\/uploads\/2022\/04\/politiets-nasjonale-beredskapssenter-selection3-113x142.jpg 113w, https:\/\/gustafs.com\/wp-content\/uploads\/2022\/04\/politiets-nasjonale-beredskapssenter-selection3-226x283.jpg 226w, https:\/\/gustafs.com\/wp-content\/uploads\/2022\/04\/politiets-nasjonale-beredskapssenter-selection3.jpg 1030w\">\n                <\/div>\n                                                <div class=\"modal\">\n                    <div class=\"close\"><\/div>\n                    <img decoding=\"async\" src=\"https:\/\/gustafs.com\/wp-content\/uploads\/2022\/04\/politiets-nasjonale-beredskapssenter-selection3.jpg\" alt=\"\" srcset=\"https:\/\/gustafs.com\/wp-content\/uploads\/2022\/04\/politiets-nasjonale-beredskapssenter-selection3-240x300.jpg 240w, https:\/\/gustafs.com\/wp-content\/uploads\/2022\/04\/politiets-nasjonale-beredskapssenter-selection3-818x1024.jpg 818w, https:\/\/gustafs.com\/wp-content\/uploads\/2022\/04\/politiets-nasjonale-beredskapssenter-selection3-768x962.jpg 768w, https:\/\/gustafs.com\/wp-content\/uploads\/2022\/04\/politiets-nasjonale-beredskapssenter-selection3-720x900.jpg 720w, https:\/\/gustafs.com\/wp-content\/uploads\/2022\/04\/politiets-nasjonale-beredskapssenter-selection3-645x810.jpg 645w, https:\/\/gustafs.com\/wp-content\/uploads\/2022\/04\/politiets-nasjonale-beredskapssenter-selection3-380x475.jpg 380w, https:\/\/gustafs.com\/wp-content\/uploads\/2022\/04\/politiets-nasjonale-beredskapssenter-selection3-845x1058.jpg 845w, https:\/\/gustafs.com\/wp-content\/uploads\/2022\/04\/politiets-nasjonale-beredskapssenter-selection3-635x795.jpg 635w, https:\/\/gustafs.com\/wp-content\/uploads\/2022\/04\/politiets-nasjonale-beredskapssenter-selection3-575x720.jpg 575w, https:\/\/gustafs.com\/wp-content\/uploads\/2022\/04\/politiets-nasjonale-beredskapssenter-selection3-485x607.jpg 485w, https:\/\/gustafs.com\/wp-content\/uploads\/2022\/04\/politiets-nasjonale-beredskapssenter-selection3-970x1215.jpg 970w, https:\/\/gustafs.com\/wp-content\/uploads\/2022\/04\/politiets-nasjonale-beredskapssenter-selection3-435x545.jpg 435w, https:\/\/gustafs.com\/wp-content\/uploads\/2022\/04\/politiets-nasjonale-beredskapssenter-selection3-870x1090.jpg 870w, https:\/\/gustafs.com\/wp-content\/uploads\/2022\/04\/politiets-nasjonale-beredskapssenter-selection3-415x520.jpg 415w, https:\/\/gustafs.com\/wp-content\/uploads\/2022\/04\/politiets-nasjonale-beredskapssenter-selection3-830x1040.jpg 830w, https:\/\/gustafs.com\/wp-content\/uploads\/2022\/04\/politiets-nasjonale-beredskapssenter-selection3-395x495.jpg 395w, https:\/\/gustafs.com\/wp-content\/uploads\/2022\/04\/politiets-nasjonale-beredskapssenter-selection3-790x989.jpg 790w, https:\/\/gustafs.com\/wp-content\/uploads\/2022\/04\/politiets-nasjonale-beredskapssenter-selection3-363x455.jpg 363w, https:\/\/gustafs.com\/wp-content\/uploads\/2022\/04\/politiets-nasjonale-beredskapssenter-selection3-726x909.jpg 726w, https:\/\/gustafs.com\/wp-content\/uploads\/2022\/04\/politiets-nasjonale-beredskapssenter-selection3-275x344.jpg 275w, https:\/\/gustafs.com\/wp-content\/uploads\/2022\/04\/politiets-nasjonale-beredskapssenter-selection3-550x689.jpg 550w, https:\/\/gustafs.com\/wp-content\/uploads\/2022\/04\/politiets-nasjonale-beredskapssenter-selection3-273x342.jpg 273w, https:\/\/gustafs.com\/wp-content\/uploads\/2022\/04\/politiets-nasjonale-beredskapssenter-selection3-546x684.jpg 546w, https:\/\/gustafs.com\/wp-content\/uploads\/2022\/04\/politiets-nasjonale-beredskapssenter-selection3-183x229.jpg 183w, https:\/\/gustafs.com\/wp-content\/uploads\/2022\/04\/politiets-nasjonale-beredskapssenter-selection3-366x458.jpg 366w, https:\/\/gustafs.com\/wp-content\/uploads\/2022\/04\/politiets-nasjonale-beredskapssenter-selection3-113x142.jpg 113w, https:\/\/gustafs.com\/wp-content\/uploads\/2022\/04\/politiets-nasjonale-beredskapssenter-selection3-226x283.jpg 226w, https:\/\/gustafs.com\/wp-content\/uploads\/2022\/04\/politiets-nasjonale-beredskapssenter-selection3.jpg 1030w\">\n                <\/div>\n                <div class=\"modal-overlay\"><\/div>\n                                                <div class=\"content-wrapper\">\n                    <div class=\"title\">EK<\/div>\n                    <div class=\"content\">\n                                                <div class=\"text font-13px\"><p style=\"font-size: 11px;\">PROJEKT:<br \/>\nPolitiets Beredskapscenter<\/p>\n<p style=\"font-size: 11px;\">PRODUKT:<br \/>\nOperforerad Panel<\/p>\n<p style=\"font-size: 11px;\">\n<\/div>\n                                             \n                                            <\/div>\n                <\/div>              \n            <\/div>\n            \n        <\/div>\n    <\/div>\n<\/section>\n\n\n\n<div style=\"height:100px\" aria-hidden=\"true\" class=\"wp-block-spacer\"><\/div>\n\n\n\n<h2 class=\"wp-block-heading\">Tekniker f\u00f6r fanersk\u00e4rning<\/h2>\n\n\n<script>\n    if(sliderCount !== \"undefined\"){\n        sliderCount = 4;\n    }else{\n        var sliderCount = 4;\n    }\n<\/script>\n\n<section class=\"slider\">\n  <div class=\"container\">\n    <div class=\"row\">\n\n      <div class=\"col-xxl-6\">\n        <div class=\"swiper swiper-slider-captions\">\n          <div class=\"swiper-wrapper\">\n                      <div class=\"swiper-slide\">\n              <div class=\"caption\">\n                <div class=\"tab\">PLANSKURET FAN\u00c9R <span>+<\/span><\/div>\n                <div class=\"title\">PLANSKURET FAN\u00c9R<\/div>\n                <div class=\"text\"><p>Fan\u00e9ret k\u00e4nnetecknas av oregelbunden k\u00e4rnteckning som bildas genom att sk\u00e4ra p\u00e5 en linje som tangerar vid stockens axel.<\/p>\n<\/div>\n              <\/div>\n            <\/div>\n                        <div class=\"swiper-slide\">\n              <div class=\"caption\">\n                <div class=\"tab\">SVARVAT FAN\u00c9R <span>+<\/span><\/div>\n                <div class=\"title\">SVARVAT FAN\u00c9R<\/div>\n                <div class=\"text\"><p>Snittet f\u00f6ljer stockens \u00e5rsringar och ger en dj\u00e4rv, brokig struktur.<\/p>\n<\/div>\n              <\/div>\n            <\/div>\n                        <div class=\"swiper-slide\">\n              <div class=\"caption\">\n                <div class=\"tab\">KVARTSSKURET FAN\u00c9R <span>+<\/span><\/div>\n                <div class=\"title\">KVARTSSKURET FAN\u00c9R<\/div>\n                <div class=\"text\"><p>Kniven sk\u00e4r igenom \u00e5rsringarna i 90\u00b0 vinkel och ger upphov till en serie r\u00e4nder, raka i vissa tr\u00e4slag, lite mer varierande i andra.<\/p>\n<\/div>\n              <\/div>\n            <\/div>\n                        <div class=\"swiper-slide\">\n              <div class=\"caption\">\n                <div class=\"tab\">RIFTSKURET FAN\u00c9R <span>+<\/span><\/div>\n                <div class=\"title\">RIFTSKURET FAN\u00c9R<\/div>\n                <div class=\"text\"><p>Kniven sk\u00e4r igenom \u00e5rsringarna i 60\u00b0 vinkel och ger upphov till en serie r\u00e4nder, raka i vissa tr\u00e4slag, lite mer varierande i andra.<\/p>\n<\/div>\n              <\/div>\n            <\/div>\n                      <\/div>\n        <\/div>\n      <\/div>\n\n      <div class=\"col-xxl-6\">\n        <div class=\"swiper swiper-slider\">\n          <div class=\"swiper-wrapper\">\n                      <div class=\"swiper-slide\">\n                            <img decoding=\"async\" class=\"image\" src=\"https:\/\/gustafs.com\/wp-content\/uploads\/2022\/04\/crown-cut.png\" alt=\"\">\n              \n                          <\/div>\n                      <div class=\"swiper-slide\">\n                            <img decoding=\"async\" class=\"image\" src=\"https:\/\/gustafs.com\/wp-content\/uploads\/2022\/04\/rotary-cut.png\" alt=\"\">\n              \n                          <\/div>\n                      <div class=\"swiper-slide\">\n                            <img decoding=\"async\" class=\"image\" src=\"https:\/\/gustafs.com\/wp-content\/uploads\/2022\/04\/quarter-cut.png\" alt=\"\">\n              \n                          <\/div>\n                      <div class=\"swiper-slide\">\n                            <img decoding=\"async\" class=\"image\" src=\"https:\/\/gustafs.com\/wp-content\/uploads\/2022\/04\/rift-cut.png\" alt=\"\">\n              \n                          <\/div>\n                    <\/div>\n          <div class=\"swiper-pagination\"><\/div>\n        <\/div>\n      <\/div>\n\n    <\/div>\n  <\/div>\n<\/section>\n\n\n\n<figure class=\"wp-block-table\"><table class=\"has-fixed-layout\"><tbody><tr><td>EGENSKAP<\/td><td>PLANSKURET FAN\u00c9R<\/td><td>SVARVAT FAN\u00c9R<\/td><td>KVARTSSKURET FAN\u00c9R<\/td><td>RIFTSKURET FAN\u00c9R<\/td><\/tr><tr><td>Utbyte fr\u00e5n 1 stock<\/td><td>Medel<\/td><td>Mycket h\u00f6gt<\/td><td>L\u00e5gt<\/td><td>H\u00f6gt<\/td><\/tr><tr><td>Fiberriktning<\/td><td>Flammig<\/td><td>Bred och varierad<\/td><td>Rak<\/td><td>Extra rak<\/td><\/tr><tr><td>F\u00e4rgkonsekvens<\/td><td>Naturliga variationer<\/td><td>Naturliga variationer<\/td><td>God<\/td><td>Mycket god<\/td><\/tr><tr><td>M\u00e4rgstr\u00e5lar i ek<\/td><td>Minimalt<\/td><td>Minimalt<\/td><td>Starkt<\/td><td>Minimalt<\/td><\/tr><tr><td>Uttryck<\/td><td>Traditionellt<\/td><td>Tekniskt<\/td><td>Klassiskt<\/td><td>Modernt och minimalistiskt<\/td><\/tr><tr><td>Fan\u00e9rl\u00e4ggning<\/td><td>Gustafs Selected<\/td><td>Bokmatchat<\/td><td>Gustafs Selected<\/td><td>Gustafs Selected<\/td><\/tr><tr><td><\/td><td><\/td><td><\/td><td><\/td><td><\/td><\/tr><\/tbody><\/table><\/figure>\n","protected":false},"author":5,"featured_media":0,"parent":8416,"menu_order":87,"template":"","class_list":["post-8454","academy","type-academy","status-publish","hentry"],"acf":[],"yoast_head":"<!-- This site is optimized with the Yoast SEO plugin v25.4 - https:\/\/yoast.com\/wordpress\/plugins\/seo\/ -->\n<title>Fan\u00e9r - l\u00e4ggning &amp; sk\u00e4rning | Gustafs Scandinavia<\/title>\n<meta name=\"description\" content=\"L\u00e4s om hur vi arbetar med fan\u00e9rl\u00e4ggning av fan\u00e9rbladen p\u00e5 v\u00e5ra tr\u00e4paneler och hur det p\u00e5verkar designen av v\u00e4ggar och undertak.\" \/>\n<meta name=\"robots\" content=\"index, follow, max-snippet:-1, max-image-preview:large, max-video-preview:-1\" \/>\n<link rel=\"canonical\" href=\"https:\/\/gustafs.com\/sv\/knowledge-hub\/ytor\/fanerlaggning\/\" \/>\n<meta property=\"og:locale\" content=\"sv_SE\" \/>\n<meta property=\"og:type\" content=\"article\" \/>\n<meta property=\"og:title\" content=\"Fan\u00e9r - l\u00e4ggning &amp; sk\u00e4rning | Gustafs Scandinavia\" \/>\n<meta property=\"og:description\" content=\"L\u00e4s om hur vi arbetar med fan\u00e9rl\u00e4ggning av fan\u00e9rbladen p\u00e5 v\u00e5ra tr\u00e4paneler och hur det p\u00e5verkar designen av v\u00e4ggar och undertak.\" \/>\n<meta property=\"og:url\" content=\"https:\/\/gustafs.com\/sv\/knowledge-hub\/ytor\/fanerlaggning\/\" \/>\n<meta property=\"og:site_name\" content=\"Gustafs Scandinavia\" \/>\n<meta property=\"article:modified_time\" content=\"2026-02-25T07:32:32+00:00\" \/>\n<meta name=\"twitter:card\" content=\"summary_large_image\" \/>\n<meta name=\"twitter:label1\" content=\"Ber\u00e4knad l\u00e4stid\" \/>\n\t<meta name=\"twitter:data1\" content=\"1 minut\" \/>\n<script type=\"application\/ld+json\" class=\"yoast-schema-graph\">{\"@context\":\"https:\/\/schema.org\",\"@graph\":[{\"@type\":\"WebPage\",\"@id\":\"https:\/\/gustafs.com\/sv\/knowledge-hub\/ytor\/fanerlaggning\/\",\"url\":\"https:\/\/gustafs.com\/sv\/knowledge-hub\/ytor\/fanerlaggning\/\",\"name\":\"Fan\u00e9r - l\u00e4ggning &amp; sk\u00e4rning | Gustafs Scandinavia\",\"isPartOf\":{\"@id\":\"https:\/\/gustafs.com\/sv\/#website\"},\"datePublished\":\"2022-04-28T11:54:30+00:00\",\"dateModified\":\"2026-02-25T07:32:32+00:00\",\"description\":\"L\u00e4s om hur vi arbetar med fan\u00e9rl\u00e4ggning av fan\u00e9rbladen p\u00e5 v\u00e5ra tr\u00e4paneler och hur det p\u00e5verkar designen av v\u00e4ggar och undertak.\",\"breadcrumb\":{\"@id\":\"https:\/\/gustafs.com\/sv\/knowledge-hub\/ytor\/fanerlaggning\/#breadcrumb\"},\"inLanguage\":\"sv-SE\",\"potentialAction\":[{\"@type\":\"ReadAction\",\"target\":[\"https:\/\/gustafs.com\/sv\/knowledge-hub\/ytor\/fanerlaggning\/\"]}]},{\"@type\":\"BreadcrumbList\",\"@id\":\"https:\/\/gustafs.com\/sv\/knowledge-hub\/ytor\/fanerlaggning\/#breadcrumb\",\"itemListElement\":[{\"@type\":\"ListItem\",\"position\":1,\"name\":\"Gustafs\",\"item\":\"https:\/\/gustafs.com\/sv\/\"},{\"@type\":\"ListItem\",\"position\":2,\"name\":\"Ytor\",\"item\":\"https:\/\/gustafs.com\/sv\/knowledge-hub\/ytor\/\"},{\"@type\":\"ListItem\",\"position\":3,\"name\":\"Fan\u00e9r - l\u00e4ggning &amp; sk\u00e4rning\"}]},{\"@type\":\"WebSite\",\"@id\":\"https:\/\/gustafs.com\/sv\/#website\",\"url\":\"https:\/\/gustafs.com\/sv\/\",\"name\":\"Gustafs Scandinavia\",\"description\":\"Exclusive Wooden Panels And Acoustic Panels\",\"potentialAction\":[{\"@type\":\"SearchAction\",\"target\":{\"@type\":\"EntryPoint\",\"urlTemplate\":\"https:\/\/gustafs.com\/sv\/?s={search_term_string}\"},\"query-input\":{\"@type\":\"PropertyValueSpecification\",\"valueRequired\":true,\"valueName\":\"search_term_string\"}}],\"inLanguage\":\"sv-SE\"}]}<\/script>\n<!-- \/ Yoast SEO plugin. -->","yoast_head_json":{"title":"Fan\u00e9r - l\u00e4ggning &amp; sk\u00e4rning | Gustafs Scandinavia","description":"L\u00e4s om hur vi arbetar med fan\u00e9rl\u00e4ggning av fan\u00e9rbladen p\u00e5 v\u00e5ra tr\u00e4paneler och hur det p\u00e5verkar designen av v\u00e4ggar och undertak.","robots":{"index":"index","follow":"follow","max-snippet":"max-snippet:-1","max-image-preview":"max-image-preview:large","max-video-preview":"max-video-preview:-1"},"canonical":"https:\/\/gustafs.com\/sv\/knowledge-hub\/ytor\/fanerlaggning\/","og_locale":"sv_SE","og_type":"article","og_title":"Fan\u00e9r - l\u00e4ggning &amp; sk\u00e4rning | Gustafs Scandinavia","og_description":"L\u00e4s om hur vi arbetar med fan\u00e9rl\u00e4ggning av fan\u00e9rbladen p\u00e5 v\u00e5ra tr\u00e4paneler och hur det p\u00e5verkar designen av v\u00e4ggar och undertak.","og_url":"https:\/\/gustafs.com\/sv\/knowledge-hub\/ytor\/fanerlaggning\/","og_site_name":"Gustafs Scandinavia","article_modified_time":"2026-02-25T07:32:32+00:00","twitter_card":"summary_large_image","twitter_misc":{"Ber\u00e4knad l\u00e4stid":"1 minut"},"schema":{"@context":"https:\/\/schema.org","@graph":[{"@type":"WebPage","@id":"https:\/\/gustafs.com\/sv\/knowledge-hub\/ytor\/fanerlaggning\/","url":"https:\/\/gustafs.com\/sv\/knowledge-hub\/ytor\/fanerlaggning\/","name":"Fan\u00e9r - l\u00e4ggning &amp; sk\u00e4rning | Gustafs Scandinavia","isPartOf":{"@id":"https:\/\/gustafs.com\/sv\/#website"},"datePublished":"2022-04-28T11:54:30+00:00","dateModified":"2026-02-25T07:32:32+00:00","description":"L\u00e4s om hur vi arbetar med fan\u00e9rl\u00e4ggning av fan\u00e9rbladen p\u00e5 v\u00e5ra tr\u00e4paneler och hur det p\u00e5verkar designen av v\u00e4ggar och undertak.","breadcrumb":{"@id":"https:\/\/gustafs.com\/sv\/knowledge-hub\/ytor\/fanerlaggning\/#breadcrumb"},"inLanguage":"sv-SE","potentialAction":[{"@type":"ReadAction","target":["https:\/\/gustafs.com\/sv\/knowledge-hub\/ytor\/fanerlaggning\/"]}]},{"@type":"BreadcrumbList","@id":"https:\/\/gustafs.com\/sv\/knowledge-hub\/ytor\/fanerlaggning\/#breadcrumb","itemListElement":[{"@type":"ListItem","position":1,"name":"Gustafs","item":"https:\/\/gustafs.com\/sv\/"},{"@type":"ListItem","position":2,"name":"Ytor","item":"https:\/\/gustafs.com\/sv\/knowledge-hub\/ytor\/"},{"@type":"ListItem","position":3,"name":"Fan\u00e9r - l\u00e4ggning &amp; sk\u00e4rning"}]},{"@type":"WebSite","@id":"https:\/\/gustafs.com\/sv\/#website","url":"https:\/\/gustafs.com\/sv\/","name":"Gustafs Scandinavia","description":"Exclusive Wooden Panels And Acoustic Panels","potentialAction":[{"@type":"SearchAction","target":{"@type":"EntryPoint","urlTemplate":"https:\/\/gustafs.com\/sv\/?s={search_term_string}"},"query-input":{"@type":"PropertyValueSpecification","valueRequired":true,"valueName":"search_term_string"}}],"inLanguage":"sv-SE"}]}},"_links":{"self":[{"href":"https:\/\/gustafs.com\/sv\/wp-json\/wp\/v2\/academy\/8454","targetHints":{"allow":["GET"]}}],"collection":[{"href":"https:\/\/gustafs.com\/sv\/wp-json\/wp\/v2\/academy"}],"about":[{"href":"https:\/\/gustafs.com\/sv\/wp-json\/wp\/v2\/types\/academy"}],"author":[{"embeddable":true,"href":"https:\/\/gustafs.com\/sv\/wp-json\/wp\/v2\/users\/5"}],"version-history":[{"count":27,"href":"https:\/\/gustafs.com\/sv\/wp-json\/wp\/v2\/academy\/8454\/revisions"}],"predecessor-version":[{"id":81944,"href":"https:\/\/gustafs.com\/sv\/wp-json\/wp\/v2\/academy\/8454\/revisions\/81944"}],"up":[{"embeddable":true,"href":"https:\/\/gustafs.com\/sv\/wp-json\/wp\/v2\/academy\/8416"}],"wp:attachment":[{"href":"https:\/\/gustafs.com\/sv\/wp-json\/wp\/v2\/media?parent=8454"}],"curies":[{"name":"wp","href":"https:\/\/api.w.org\/{rel}","templated":true}]}}